{"id":1228,"date":"2024-08-09T12:05:16","date_gmt":"2024-08-09T12:05:16","guid":{"rendered":"https:\/\/blueseal-aircurtains.com\/produits\/blueseal-customs"},"modified":"2025-10-27T12:18:33","modified_gmt":"2025-10-27T12:18:33","slug":"blueseal-customs","status":"publish","type":"page","link":"https:\/\/blueseal-aircurtains.com\/fr\/produits\/blueseal-customs\/","title":{"rendered":"BlueSeal Customs"},"content":{"rendered":"<div class=\"wpb-content-wrapper\"><p>[vc_row css_animation=\u00a0\u00bb\u00a0\u00bb row_type=\u00a0\u00bbrow\u00a0\u00bb use_row_as_full_screen_section=\u00a0\u00bbno\u00a0\u00bb type=\u00a0\u00bbfull_width\u00a0\u00bb angled_section=\u00a0\u00bbno\u00a0\u00bb text_align=\u00a0\u00bbleft\u00a0\u00bb background_image_as_pattern=\u00a0\u00bbwithout_pattern\u00a0\u00bb z_index=\u00a0\u00bb\u00a0\u00bb][vc_column][vc_row_inner row_type=\u00a0\u00bbrow\u00a0\u00bb type=\u00a0\u00bbgrid\u00a0\u00bb text_align=\u00a0\u00bbcenter\u00a0\u00bb css_animation=\u00a0\u00bb\u00a0\u00bb][vc_column_inner width=\u00a0\u00bb1\/12&Prime;][\/vc_column_inner][vc_column_inner width=\u00a0\u00bb10\/12&Prime;][vc_text_separator title=\u00a0\u00bbAbstand &#8211; M\u00a0\u00bb border=\u00a0\u00bbno\u00a0\u00bb el_class=\u00a0\u00bbspacing-medium\u00a0\u00bb][vc_column_text css=\u00a0\u00bb\u00a0\u00bb]<\/p>\n<h3>BlueSeal Customs<\/h3>\n<p>[\/vc_column_text][vc_empty_space height=\u00a0\u00bb30px\u00a0\u00bb][vc_column_text css=\u00a0\u00bb\u00a0\u00bb]<\/p>\n<h2><strong>Solutions de rideaux d\u2019air sur mesure pour les v\u00e9hicules avec une ouverture de porte non-standard.<\/strong><\/h2>\n<p>[\/vc_column_text][vc_empty_space height=\u00a0\u00bb30px\u00a0\u00bb][vc_column_text css=\u00a0\u00bb\u00a0\u00bb]Les rideaux d&rsquo;air BlueSeal sont con\u00e7us pour se positionner parfaitement au-dessus des portes arri\u00e8res ou lat\u00e9rales de presque tous les v\u00e9hicules commerciaux dot\u00e9s d&rsquo;une zone de chargement \u00e0 temp\u00e9rature contr\u00f4l\u00e9e. En effet, nous adaptons leur longueur en fonction de la taille souhait\u00e9e. Ce service est inclus dans notre offre de base. Il nous arrive \u00e9galement de proposer \u00e0 certaines entreprises une solution un peu diff\u00e9rente, adapt\u00e9e \u00e0 leur utilisation finale. Chez Brightec, nous sommes fiers de notre capacit\u00e9 \u00e0 travailler en collaboration avec les carrossiers constructeurs \u00e0 la cr\u00e9ation de solutions personnalis\u00e9es pour les v\u00e9hicules qui n\u00e9cessitent une approche diff\u00e9rente. Nous avons, par exemple, int\u00e9gr\u00e9 BlueSeal \u00e0 des portes \u00e0 volet roulant afin de former une unit\u00e9 tout-en-un, ou encore modifi\u00e9 un \u00e9quipement pour qu\u2019il augmente le flux d&rsquo;air (solution parfaite pour les pays qui distribuent leurs produits dans des climats plus chauds).[\/vc_column_text][vc_text_separator title=\u00a0\u00bbAbstand &#8211; M\u00a0\u00bb border=\u00a0\u00bbno\u00a0\u00bb el_class=\u00a0\u00bbspacing-medium\u00a0\u00bb][\/vc_column_inner][vc_column_inner width=\u00a0\u00bb1\/12&Prime;][\/vc_column_inner][\/vc_row_inner][\/vc_column][\/vc_row][vc_row css_animation=\u00a0\u00bb\u00a0\u00bb row_type=\u00a0\u00bbrow\u00a0\u00bb use_row_as_full_screen_section=\u00a0\u00bbno\u00a0\u00bb type=\u00a0\u00bbgrid\u00a0\u00bb angled_section=\u00a0\u00bbno\u00a0\u00bb text_align=\u00a0\u00bbcenter\u00a0\u00bb background_image_as_pattern=\u00a0\u00bbwithout_pattern\u00a0\u00bb z_index=\u00a0\u00bb\u00a0\u00bb el_class=\u00a0\u00bbcenter-text dark-section\u00a0\u00bb background_color=\u00a0\u00bb#090e1f\u00a0\u00bb padding_top=\u00a0\u00bb100&Prime; padding_bottom=\u00a0\u00bb100&Prime;][vc_column][vc_row_inner row_type=\u00a0\u00bbrow\u00a0\u00bb type=\u00a0\u00bbfull_width\u00a0\u00bb text_align=\u00a0\u00bbleft\u00a0\u00bb css_animation=\u00a0\u00bb\u00a0\u00bb][vc_column_inner][qode_elements_holder number_of_columns=\u00a0\u00bbtwo_columns\u00a0\u00bb][qode_elements_holder_item cover=\u00a0\u00bbyes\u00a0\u00bb advanced_animations=\u00a0\u00bbno\u00a0\u00bb background_image=\u00a0\u00bb504&Prime; item_padding_768_1024=\u00a0\u00bb300px 0 0 0&Prime; item_padding_600_768=\u00a0\u00bb300px 0 0 0&Prime; item_padding_480_600=\u00a0\u00bb300px 0 0 0&Prime; item_padding_480=\u00a0\u00bb300px 0 0 0&Prime;][\/qode_elements_holder_item][qode_elements_holder_item advanced_animations=\u00a0\u00bbno\u00a0\u00bb item_padding=\u00a0\u00bb6%\u00a0\u00bb][vc_column_text css=\u00a0\u00bb\u00a0\u00bb]<\/p>\n<h2>\u00c9tude de cas<\/h2>\n<p>[\/vc_column_text][vc_empty_space height=\u00a0\u00bb30px\u00a0\u00bb][vc_column_text css=\u00a0\u00bb\u00a0\u00bb]Brightec a mis au point un rideau d\u2019air sur mesure pour le principal carrossier commercial fran\u00e7ais Lamberet afin de l\u2019int\u00e9grer \u00e0 sa gamme de v\u00e9hicules Distri +. Les nouveaux mod\u00e8les Distri+ comportent un mod\u00e8le de rideau 100 % pneumatique et isotherme d\u00e9voil\u00e9 au salon Solutrans 2019. Cette derni\u00e8re version du rideau d\u2019air BlueSeal est le fruit de 12 mois de travail en collaboration avec le d\u00e9partement R&amp;D de Lamberet. Elle \u00e9quipe les remorques de la marque de supermarch\u00e9s fran\u00e7aise Intermarch\u00e9 depuis 2020.[\/vc_column_text][vc_empty_space height=\u00a0\u00bb30px\u00a0\u00bb]<a  itemprop=\"url\" href=\"\/fr\/2020\/12\/brightec-partner-with-lamberet-for-disti-integrated-shutter-door-air-curtain\" target=\"_self\"  class=\"qbutton  default gradient-magenta\" style=\"\">Plus d\u2019infos<\/a>[\/qode_elements_holder_item][\/qode_elements_holder][\/vc_column_inner][\/vc_row_inner][\/vc_column][\/vc_row][vc_row css_animation=\u00a0\u00bb\u00a0\u00bb row_type=\u00a0\u00bbrow\u00a0\u00bb use_row_as_full_screen_section=\u00a0\u00bbno\u00a0\u00bb type=\u00a0\u00bbgrid\u00a0\u00bb angled_section=\u00a0\u00bbno\u00a0\u00bb text_align=\u00a0\u00bbleft\u00a0\u00bb background_image_as_pattern=\u00a0\u00bbwithout_pattern\u00a0\u00bb z_index=\u00a0\u00bb\u00a0\u00bb background_color=\u00a0\u00bb#f7f7f7&Prime; padding_top=\u00a0\u00bb100&Prime; padding_bottom=\u00a0\u00bb100&Prime;][vc_column][vc_row_inner row_type=\u00a0\u00bbrow\u00a0\u00bb type=\u00a0\u00bbfull_width\u00a0\u00bb text_align=\u00a0\u00bbcenter\u00a0\u00bb css_animation=\u00a0\u00bb\u00a0\u00bb el_class=\u00a0\u00bbcenter-text\u00a0\u00bb][vc_column_inner][vc_column_text css=\u00a0\u00bb\u00a0\u00bb el_class=\u00a0\u00bbgradient-text\u00a0\u00bb]<\/p>\n<h2>Fonctionnement de BlueSeal<\/h2>\n<p>[\/vc_column_text][\/vc_column_inner][\/vc_row_inner][vc_row_inner row_type=\u00a0\u00bbrow\u00a0\u00bb type=\u00a0\u00bbfull_width\u00a0\u00bb text_align=\u00a0\u00bbleft\u00a0\u00bb css_animation=\u00a0\u00bb\u00a0\u00bb el_class=\u00a0\u00bbprocess-with-title\u00a0\u00bb][vc_column_inner]<div class=\"qode-numbered-process-holder qode-numbered-process-holder-items-three qodef-np-padding-medium qode-np-line-solid\">\n\t<div class=\"qode-numbered-process-inner\">\n\t\t<div class=\"qode-np-item\">\n\t<div class=\"qode-np-item-image-holder\">\n\t\t\t\t\t<div class=\"qode-np-item-image-inner\" >\n\t\t\t\t<div class=\"qode-np-item-image-table\">\n\t\t\t\t\t<div class=\"qode-np-item-image-table-cell\">\n\t\t\t\t\t\t<img decoding=\"async\" src=\"https:\/\/blueseal-aircurtains.com\/wp-content\/uploads\/2024\/07\/1-clicktofit.jpg\" alt=\"qode-np-item\"\/>\n\t\t\t\t\t<\/div>\n\t\t\t\t<\/div>\n\t\t\t\t\t\t\t\t\t<span class=\"qode-np-item-number\" >Installation facile<\/span>\n\t\t\t\t\t\t\t<\/div>\n\t\t\t\t\t\t<span class=\"qode-np-line\"><\/span>\n\t<\/div>\n\t\t\t<h4 class=\"qode-np-title\" >\n\t\t\tBlueSeal peut \u00eatre install\u00e9 facilement sur tout v\u00e9hicule nouveau ou existant, \u00e0 l&#039;aide d&#039;un syst\u00e8me de clics fix\u00e9 \u00e0 une plaque de montage au plafond du v\u00e9hicule. Ils peuvent \u00eatre install\u00e9s au-dessus des portes de chargement arri\u00e8re ainsi que des portes lat\u00e9rales et peuvent \u00eatre construits selon vos sp\u00e9cifications.\t\t<\/h4>\n\t<\/div><div class=\"qode-np-item\">\n\t<div class=\"qode-np-item-image-holder\">\n\t\t\t\t\t<div class=\"qode-np-item-image-inner\" >\n\t\t\t\t<div class=\"qode-np-item-image-table\">\n\t\t\t\t\t<div class=\"qode-np-item-image-table-cell\">\n\t\t\t\t\t\t<img decoding=\"async\" src=\"https:\/\/blueseal-aircurtains.com\/wp-content\/uploads\/2024\/07\/2-coldbarrier.jpg\" alt=\"qode-np-item\"\/>\n\t\t\t\t\t<\/div>\n\t\t\t\t<\/div>\n\t\t\t\t\t\t\t\t\t<span class=\"qode-np-item-number\" >Climatisation am\u00e9lior\u00e9e<\/span>\n\t\t\t\t\t\t\t<\/div>\n\t\t\t\t\t\t<span class=\"qode-np-line\"><\/span>\n\t<\/div>\n\t\t\t<h4 class=\"qode-np-title\" >\n\t\t\tBlueSeal s\u2019active automatiquement pendant le chargement\/d\u00e9chargement. L\u2019air est aspir\u00e9 par BlueSeal et transform\u00e9 en un rideau d\u2019air vertical qui s\u00e9pare le froid \u00e0 l\u2019int\u00e9rieur de la remorque de l\u2019air \u00e0 temp\u00e9rature ambiante (plus chaud) \u00e0 l\u2019ext\u00e9rieur du v\u00e9hicule. De m\u00eame, les insectes, la poussi\u00e8re et l\u2019air humide ne peuvent y p\u00e9n\u00e9trer.\t\t<\/h4>\n\t<\/div><div class=\"qode-np-item\">\n\t<div class=\"qode-np-item-image-holder\">\n\t\t\t\t\t<div class=\"qode-np-item-image-inner\" >\n\t\t\t\t<div class=\"qode-np-item-image-table\">\n\t\t\t\t\t<div class=\"qode-np-item-image-table-cell\">\n\t\t\t\t\t\t<img decoding=\"async\" src=\"https:\/\/blueseal-aircurtains.com\/wp-content\/uploads\/2024\/07\/blueseal_vanairflow.jpg\" alt=\"qode-np-item\"\/>\n\t\t\t\t\t<\/div>\n\t\t\t\t<\/div>\n\t\t\t\t\t\t\t\t\t<span class=\"qode-np-item-number\" >Conservation de la fra\u00eecheur des produits<\/span>\n\t\t\t\t\t\t\t<\/div>\n\t\t\t\t\t\t<span class=\"qode-np-line\"><\/span>\n\t<\/div>\n\t\t\t<h4 class=\"qode-np-title\" >\n\t\t\tL&#039;air froid est maintenu \u00e0 l&#039;int\u00e9rieur du v\u00e9hicule lors de l&#039;ouverture des portes, ce qui pr\u00e9serve l&#039;int\u00e9grit\u00e9 des marchandises \u00e0 temp\u00e9rature contr\u00f4l\u00e9e. La temp\u00e9rature dans l&#039;espace de chargement augmente beaucoup plus lentement avec un rideau d&#039;air lors de l&#039;ouverture des portes qu&#039;avec des bandes de PVC.\t\t<\/h4>\n\t<\/div>\t<\/div>\n<\/div>[\/vc_column_inner][\/vc_row_inner][vc_text_separator title=\u00a0\u00bbAbstand &#8211; M\u00a0\u00bb border=\u00a0\u00bbno\u00a0\u00bb el_class=\u00a0\u00bbspacing-medium\u00a0\u00bb][\/vc_column][\/vc_row][vc_row css_animation=\u00a0\u00bb\u00a0\u00bb row_type=\u00a0\u00bbrow\u00a0\u00bb use_row_as_full_screen_section=\u00a0\u00bbno\u00a0\u00bb type=\u00a0\u00bbfull_width\u00a0\u00bb angled_section=\u00a0\u00bbno\u00a0\u00bb text_align=\u00a0\u00bbleft\u00a0\u00bb background_image_as_pattern=\u00a0\u00bbwithout_pattern\u00a0\u00bb][vc_column]<div class=\"call_to_action normal\" style=\"\"><div class=\"container_inner\"><div class=\"two_columns_75_25 clearfix\"><div class=\"text_wrapper column1\"><div class=\"call_to_action_text \" style=\"\"><strong>Voulez-vous en savoir plus sur les rideaux d&rsquo;air BlueSeal ?<\/strong><\/div><\/div><div class=\"button_wrapper column2\"><a itemprop=\"url\" href=\"\/contact\" class=\"qbutton white \" target=\"_self\" style=\"\" >Prendre contact<\/a><\/div><\/div><\/div><\/div>[\/vc_column][\/vc_row]<\/p>\n<\/div>","protected":false},"excerpt":{"rendered":"<p>[vc_row css_animation=\u00a0\u00bb\u00a0\u00bb row_type=\u00a0\u00bbrow\u00a0\u00bb use_row_as_full_screen_section=\u00a0\u00bbno\u00a0\u00bb type=\u00a0\u00bbfull_width\u00a0\u00bb angled_section=\u00a0\u00bbno\u00a0\u00bb text_align=\u00a0\u00bbleft\u00a0\u00bb background_image_as_pattern=\u00a0\u00bbwithout_pattern\u00a0\u00bb z_index=\u00a0\u00bb\u00a0\u00bb][vc_column][vc_row_inner row_type=\u00a0\u00bbrow\u00a0\u00bb type=\u00a0\u00bbgrid\u00a0\u00bb text_align=\u00a0\u00bbcenter\u00a0\u00bb css_animation=\u00a0\u00bb\u00a0\u00bb][vc_column_inner width=\u00a0\u00bb1\/12&Prime;][\/vc_column_inner][vc_column_inner width=\u00a0\u00bb10\/12&Prime;][vc_text_separator title=\u00a0\u00bbAbstand &#8211; M\u00a0\u00bb border=\u00a0\u00bbno\u00a0\u00bb el_class=\u00a0\u00bbspacing-medium\u00a0\u00bb][vc_column_text css=\u00a0\u00bb\u00a0\u00bb] BlueSeal Customs [\/vc_column_text][vc_empty_space height=\u00a0\u00bb30px\u00a0\u00bb][vc_column_text css=\u00a0\u00bb\u00a0\u00bb] Solutions de rideaux d\u2019air sur mesure pour les v\u00e9hicules avec une ouverture de porte non-standard. [\/vc_column_text][vc_empty_space height=\u00a0\u00bb30px\u00a0\u00bb][vc_column_text css=\u00a0\u00bb\u00a0\u00bb]Les rideaux&#8230;<\/p>\n","protected":false},"author":2,"featured_media":0,"parent":1095,"menu_order":0,"comment_status":"closed","ping_status":"closed","template":"full_width.php","meta":{"inline_featured_image":false,"footnotes":""},"class_list":["post-1228","page","type-page","status-publish","hentry"],"acf":[],"yoast_head":"<!-- This site is optimized with the Yoast SEO plugin v27.4 - https:\/\/yoast.com\/product\/yoast-seo-wordpress\/ -->\n<title>BlueSeal Customs | Rideaux d&#039;air Sur Mesure<\/title>\n<meta name=\"description\" content=\"BlueSeal Customs offre une solution sur mesure pour les v\u00e9hicules frigorifiques avec des portes non-standard ou des conditions d&#039;exploitation sp\u00e9ciales.\" \/>\n<meta name=\"robots\" content=\"index, follow, max-snippet:-1, max-image-preview:large, max-video-preview:-1\" \/>\n<link rel=\"canonical\" href=\"https:\/\/blueseal-aircurtains.com\/fr\/produits\/blueseal-customs\/\" \/>\n<meta property=\"og:locale\" content=\"fr_FR\" \/>\n<meta property=\"og:type\" content=\"article\" \/>\n<meta property=\"og:title\" content=\"BlueSeal Customs | Rideaux d&#039;air Sur Mesure\" \/>\n<meta property=\"og:description\" content=\"BlueSeal Customs offre une solution sur mesure pour les v\u00e9hicules frigorifiques avec des portes non-standard ou des conditions d&#039;exploitation sp\u00e9ciales.\" \/>\n<meta property=\"og:url\" content=\"https:\/\/blueseal-aircurtains.com\/fr\/produits\/blueseal-customs\/\" \/>\n<meta property=\"og:site_name\" content=\"BlueSeal air curtains by Brightec BV\" \/>\n<meta property=\"article:publisher\" content=\"https:\/\/www.facebook.com\/brightecbv\" \/>\n<meta property=\"article:modified_time\" content=\"2025-10-27T12:18:33+00:00\" \/>\n<meta property=\"og:image\" content=\"https:\/\/blueseal-aircurtains.com\/wp-content\/uploads\/2024\/11\/blueseal-compact.jpg\" \/>\n\t<meta property=\"og:image:width\" content=\"1920\" \/>\n\t<meta property=\"og:image:height\" content=\"1080\" \/>\n\t<meta property=\"og:image:type\" content=\"image\/jpeg\" \/>\n<meta name=\"twitter:card\" content=\"summary_large_image\" \/>\n<meta name=\"twitter:site\" content=\"@BrightecBv\" \/>\n<meta name=\"twitter:label1\" content=\"Dur\u00e9e de lecture estim\u00e9e\" \/>\n\t<meta name=\"twitter:data1\" content=\"3 minutes\" \/>\n<script type=\"application\/ld+json\" class=\"yoast-schema-graph\">{\"@context\":\"https:\\\/\\\/schema.org\",\"@graph\":[{\"@type\":\"NewsArticle\",\"@id\":\"https:\\\/\\\/blueseal-aircurtains.com\\\/fr\\\/produits\\\/blueseal-customs\\\/#article\",\"isPartOf\":{\"@id\":\"https:\\\/\\\/blueseal-aircurtains.com\\\/fr\\\/produits\\\/blueseal-customs\\\/\"},\"author\":{\"name\":\"dev\",\"@id\":\"https:\\\/\\\/blueseal-aircurtains.com\\\/fr\\\/#\\\/schema\\\/person\\\/481bed41a6011e613bf2eb0f774101b4\"},\"headline\":\"BlueSeal Customs\",\"datePublished\":\"2024-08-09T12:05:16+00:00\",\"dateModified\":\"2025-10-27T12:18:33+00:00\",\"mainEntityOfPage\":{\"@id\":\"https:\\\/\\\/blueseal-aircurtains.com\\\/fr\\\/produits\\\/blueseal-customs\\\/\"},\"wordCount\":987,\"publisher\":{\"@id\":\"https:\\\/\\\/blueseal-aircurtains.com\\\/fr\\\/#organization\"},\"inLanguage\":\"fr-FR\"},{\"@type\":\"WebPage\",\"@id\":\"https:\\\/\\\/blueseal-aircurtains.com\\\/fr\\\/produits\\\/blueseal-customs\\\/\",\"url\":\"https:\\\/\\\/blueseal-aircurtains.com\\\/fr\\\/produits\\\/blueseal-customs\\\/\",\"name\":\"BlueSeal Customs | Rideaux d'air Sur Mesure\",\"isPartOf\":{\"@id\":\"https:\\\/\\\/blueseal-aircurtains.com\\\/fr\\\/#website\"},\"datePublished\":\"2024-08-09T12:05:16+00:00\",\"dateModified\":\"2025-10-27T12:18:33+00:00\",\"description\":\"BlueSeal Customs offre une solution sur mesure pour les v\u00e9hicules frigorifiques avec des portes non-standard ou des conditions d'exploitation sp\u00e9ciales.\",\"breadcrumb\":{\"@id\":\"https:\\\/\\\/blueseal-aircurtains.com\\\/fr\\\/produits\\\/blueseal-customs\\\/#breadcrumb\"},\"inLanguage\":\"fr-FR\",\"potentialAction\":[{\"@type\":\"ReadAction\",\"target\":[\"https:\\\/\\\/blueseal-aircurtains.com\\\/fr\\\/produits\\\/blueseal-customs\\\/\"]}]},{\"@type\":\"BreadcrumbList\",\"@id\":\"https:\\\/\\\/blueseal-aircurtains.com\\\/fr\\\/produits\\\/blueseal-customs\\\/#breadcrumb\",\"itemListElement\":[{\"@type\":\"ListItem\",\"position\":1,\"name\":\"Home\",\"item\":\"https:\\\/\\\/blueseal-aircurtains.com\\\/fr\\\/\"},{\"@type\":\"ListItem\",\"position\":2,\"name\":\"Produits\",\"item\":\"https:\\\/\\\/blueseal-aircurtains.com\\\/fr\\\/produits\\\/\"},{\"@type\":\"ListItem\",\"position\":3,\"name\":\"BlueSeal Customs\"}]},{\"@type\":\"WebSite\",\"@id\":\"https:\\\/\\\/blueseal-aircurtains.com\\\/fr\\\/#website\",\"url\":\"https:\\\/\\\/blueseal-aircurtains.com\\\/fr\\\/\",\"name\":\"BlueSeal air curtains by Brightec BV\",\"description\":\"Air curtains for temperature controlled transport\",\"publisher\":{\"@id\":\"https:\\\/\\\/blueseal-aircurtains.com\\\/fr\\\/#organization\"},\"alternateName\":\"Brightec B.V.\",\"potentialAction\":[{\"@type\":\"SearchAction\",\"target\":{\"@type\":\"EntryPoint\",\"urlTemplate\":\"https:\\\/\\\/blueseal-aircurtains.com\\\/fr\\\/?s={search_term_string}\"},\"query-input\":{\"@type\":\"PropertyValueSpecification\",\"valueRequired\":true,\"valueName\":\"search_term_string\"}}],\"inLanguage\":\"fr-FR\"},{\"@type\":\"Organization\",\"@id\":\"https:\\\/\\\/blueseal-aircurtains.com\\\/fr\\\/#organization\",\"name\":\"BlueSeal air curtains by Brightec BV\",\"alternateName\":\"Brightec B.V.\",\"url\":\"https:\\\/\\\/blueseal-aircurtains.com\\\/fr\\\/\",\"logo\":{\"@type\":\"ImageObject\",\"inLanguage\":\"fr-FR\",\"@id\":\"https:\\\/\\\/blueseal-aircurtains.com\\\/fr\\\/#\\\/schema\\\/logo\\\/image\\\/\",\"url\":\"https:\\\/\\\/blueseal-aircurtains.com\\\/wp-content\\\/uploads\\\/2024\\\/07\\\/blueseal-logo-colored.svg\",\"contentUrl\":\"https:\\\/\\\/blueseal-aircurtains.com\\\/wp-content\\\/uploads\\\/2024\\\/07\\\/blueseal-logo-colored.svg\",\"width\":240,\"height\":51,\"caption\":\"BlueSeal air curtains by Brightec BV\"},\"image\":{\"@id\":\"https:\\\/\\\/blueseal-aircurtains.com\\\/fr\\\/#\\\/schema\\\/logo\\\/image\\\/\"},\"sameAs\":[\"https:\\\/\\\/www.facebook.com\\\/brightecbv\",\"https:\\\/\\\/x.com\\\/BrightecBv\"]},{\"@type\":\"Person\",\"@id\":\"https:\\\/\\\/blueseal-aircurtains.com\\\/fr\\\/#\\\/schema\\\/person\\\/481bed41a6011e613bf2eb0f774101b4\",\"name\":\"dev\",\"image\":{\"@type\":\"ImageObject\",\"inLanguage\":\"fr-FR\",\"@id\":\"https:\\\/\\\/secure.gravatar.com\\\/avatar\\\/4a2b6c480bb3a58fe62c99051c3e1ca9c9c06de8a61eb97fa22ba242a4dc4dea?s=96&d=mm&r=g\",\"url\":\"https:\\\/\\\/secure.gravatar.com\\\/avatar\\\/4a2b6c480bb3a58fe62c99051c3e1ca9c9c06de8a61eb97fa22ba242a4dc4dea?s=96&d=mm&r=g\",\"contentUrl\":\"https:\\\/\\\/secure.gravatar.com\\\/avatar\\\/4a2b6c480bb3a58fe62c99051c3e1ca9c9c06de8a61eb97fa22ba242a4dc4dea?s=96&d=mm&r=g\",\"caption\":\"dev\"},\"url\":\"https:\\\/\\\/blueseal-aircurtains.com\\\/fr\\\/author\\\/dev\\\/\"}]}<\/script>\n<!-- \/ Yoast SEO plugin. -->","yoast_head_json":{"title":"BlueSeal Customs | Rideaux d'air Sur Mesure","description":"BlueSeal Customs offre une solution sur mesure pour les v\u00e9hicules frigorifiques avec des portes non-standard ou des conditions d'exploitation sp\u00e9ciales.","robots":{"index":"index","follow":"follow","max-snippet":"max-snippet:-1","max-image-preview":"max-image-preview:large","max-video-preview":"max-video-preview:-1"},"canonical":"https:\/\/blueseal-aircurtains.com\/fr\/produits\/blueseal-customs\/","og_locale":"fr_FR","og_type":"article","og_title":"BlueSeal Customs | Rideaux d'air Sur Mesure","og_description":"BlueSeal Customs offre une solution sur mesure pour les v\u00e9hicules frigorifiques avec des portes non-standard ou des conditions d'exploitation sp\u00e9ciales.","og_url":"https:\/\/blueseal-aircurtains.com\/fr\/produits\/blueseal-customs\/","og_site_name":"BlueSeal air curtains by Brightec BV","article_publisher":"https:\/\/www.facebook.com\/brightecbv","article_modified_time":"2025-10-27T12:18:33+00:00","og_image":[{"width":1920,"height":1080,"url":"https:\/\/blueseal-aircurtains.com\/wp-content\/uploads\/2024\/11\/blueseal-compact.jpg","type":"image\/jpeg"}],"twitter_card":"summary_large_image","twitter_site":"@BrightecBv","twitter_misc":{"Dur\u00e9e de lecture estim\u00e9e":"3 minutes"},"schema":{"@context":"https:\/\/schema.org","@graph":[{"@type":"NewsArticle","@id":"https:\/\/blueseal-aircurtains.com\/fr\/produits\/blueseal-customs\/#article","isPartOf":{"@id":"https:\/\/blueseal-aircurtains.com\/fr\/produits\/blueseal-customs\/"},"author":{"name":"dev","@id":"https:\/\/blueseal-aircurtains.com\/fr\/#\/schema\/person\/481bed41a6011e613bf2eb0f774101b4"},"headline":"BlueSeal Customs","datePublished":"2024-08-09T12:05:16+00:00","dateModified":"2025-10-27T12:18:33+00:00","mainEntityOfPage":{"@id":"https:\/\/blueseal-aircurtains.com\/fr\/produits\/blueseal-customs\/"},"wordCount":987,"publisher":{"@id":"https:\/\/blueseal-aircurtains.com\/fr\/#organization"},"inLanguage":"fr-FR"},{"@type":"WebPage","@id":"https:\/\/blueseal-aircurtains.com\/fr\/produits\/blueseal-customs\/","url":"https:\/\/blueseal-aircurtains.com\/fr\/produits\/blueseal-customs\/","name":"BlueSeal Customs | Rideaux d'air Sur Mesure","isPartOf":{"@id":"https:\/\/blueseal-aircurtains.com\/fr\/#website"},"datePublished":"2024-08-09T12:05:16+00:00","dateModified":"2025-10-27T12:18:33+00:00","description":"BlueSeal Customs offre une solution sur mesure pour les v\u00e9hicules frigorifiques avec des portes non-standard ou des conditions d'exploitation sp\u00e9ciales.","breadcrumb":{"@id":"https:\/\/blueseal-aircurtains.com\/fr\/produits\/blueseal-customs\/#breadcrumb"},"inLanguage":"fr-FR","potentialAction":[{"@type":"ReadAction","target":["https:\/\/blueseal-aircurtains.com\/fr\/produits\/blueseal-customs\/"]}]},{"@type":"BreadcrumbList","@id":"https:\/\/blueseal-aircurtains.com\/fr\/produits\/blueseal-customs\/#breadcrumb","itemListElement":[{"@type":"ListItem","position":1,"name":"Home","item":"https:\/\/blueseal-aircurtains.com\/fr\/"},{"@type":"ListItem","position":2,"name":"Produits","item":"https:\/\/blueseal-aircurtains.com\/fr\/produits\/"},{"@type":"ListItem","position":3,"name":"BlueSeal Customs"}]},{"@type":"WebSite","@id":"https:\/\/blueseal-aircurtains.com\/fr\/#website","url":"https:\/\/blueseal-aircurtains.com\/fr\/","name":"BlueSeal air curtains by Brightec BV","description":"Air curtains for temperature controlled transport","publisher":{"@id":"https:\/\/blueseal-aircurtains.com\/fr\/#organization"},"alternateName":"Brightec B.V.","potentialAction":[{"@type":"SearchAction","target":{"@type":"EntryPoint","urlTemplate":"https:\/\/blueseal-aircurtains.com\/fr\/?s={search_term_string}"},"query-input":{"@type":"PropertyValueSpecification","valueRequired":true,"valueName":"search_term_string"}}],"inLanguage":"fr-FR"},{"@type":"Organization","@id":"https:\/\/blueseal-aircurtains.com\/fr\/#organization","name":"BlueSeal air curtains by Brightec BV","alternateName":"Brightec B.V.","url":"https:\/\/blueseal-aircurtains.com\/fr\/","logo":{"@type":"ImageObject","inLanguage":"fr-FR","@id":"https:\/\/blueseal-aircurtains.com\/fr\/#\/schema\/logo\/image\/","url":"https:\/\/blueseal-aircurtains.com\/wp-content\/uploads\/2024\/07\/blueseal-logo-colored.svg","contentUrl":"https:\/\/blueseal-aircurtains.com\/wp-content\/uploads\/2024\/07\/blueseal-logo-colored.svg","width":240,"height":51,"caption":"BlueSeal air curtains by Brightec BV"},"image":{"@id":"https:\/\/blueseal-aircurtains.com\/fr\/#\/schema\/logo\/image\/"},"sameAs":["https:\/\/www.facebook.com\/brightecbv","https:\/\/x.com\/BrightecBv"]},{"@type":"Person","@id":"https:\/\/blueseal-aircurtains.com\/fr\/#\/schema\/person\/481bed41a6011e613bf2eb0f774101b4","name":"dev","image":{"@type":"ImageObject","inLanguage":"fr-FR","@id":"https:\/\/secure.gravatar.com\/avatar\/4a2b6c480bb3a58fe62c99051c3e1ca9c9c06de8a61eb97fa22ba242a4dc4dea?s=96&d=mm&r=g","url":"https:\/\/secure.gravatar.com\/avatar\/4a2b6c480bb3a58fe62c99051c3e1ca9c9c06de8a61eb97fa22ba242a4dc4dea?s=96&d=mm&r=g","contentUrl":"https:\/\/secure.gravatar.com\/avatar\/4a2b6c480bb3a58fe62c99051c3e1ca9c9c06de8a61eb97fa22ba242a4dc4dea?s=96&d=mm&r=g","caption":"dev"},"url":"https:\/\/blueseal-aircurtains.com\/fr\/author\/dev\/"}]}},"_links":{"self":[{"href":"https:\/\/blueseal-aircurtains.com\/fr\/wp-json\/wp\/v2\/pages\/1228","targetHints":{"allow":["GET"]}}],"collection":[{"href":"https:\/\/blueseal-aircurtains.com\/fr\/wp-json\/wp\/v2\/pages"}],"about":[{"href":"https:\/\/blueseal-aircurtains.com\/fr\/wp-json\/wp\/v2\/types\/page"}],"author":[{"embeddable":true,"href":"https:\/\/blueseal-aircurtains.com\/fr\/wp-json\/wp\/v2\/users\/2"}],"replies":[{"embeddable":true,"href":"https:\/\/blueseal-aircurtains.com\/fr\/wp-json\/wp\/v2\/comments?post=1228"}],"version-history":[{"count":7,"href":"https:\/\/blueseal-aircurtains.com\/fr\/wp-json\/wp\/v2\/pages\/1228\/revisions"}],"predecessor-version":[{"id":3073,"href":"https:\/\/blueseal-aircurtains.com\/fr\/wp-json\/wp\/v2\/pages\/1228\/revisions\/3073"}],"up":[{"embeddable":true,"href":"https:\/\/blueseal-aircurtains.com\/fr\/wp-json\/wp\/v2\/pages\/1095"}],"wp:attachment":[{"href":"https:\/\/blueseal-aircurtains.com\/fr\/wp-json\/wp\/v2\/media?parent=1228"}],"curies":[{"name":"wp","href":"https:\/\/api.w.org\/{rel}","templated":true}]}}