{"id":1148,"date":"2024-08-09T10:29:48","date_gmt":"2024-08-09T10:29:48","guid":{"rendered":"https:\/\/blueseal-aircurtains.com\/produits\/blueseal-compact"},"modified":"2025-10-27T11:39:19","modified_gmt":"2025-10-27T11:39:19","slug":"blueseal-compact","status":"publish","type":"page","link":"https:\/\/blueseal-aircurtains.com\/fr\/produits\/blueseal-compact\/","title":{"rendered":"BlueSeal\u00ae Compact"},"content":{"rendered":"<div class=\"wpb-content-wrapper\"><p>[vc_row css_animation=\u00a0\u00bb\u00a0\u00bb row_type=\u00a0\u00bbrow\u00a0\u00bb use_row_as_full_screen_section=\u00a0\u00bbno\u00a0\u00bb type=\u00a0\u00bbfull_width\u00a0\u00bb angled_section=\u00a0\u00bbno\u00a0\u00bb text_align=\u00a0\u00bbleft\u00a0\u00bb background_image_as_pattern=\u00a0\u00bbwithout_pattern\u00a0\u00bb z_index=\u00a0\u00bb\u00a0\u00bb][vc_column][vc_row_inner row_type=\u00a0\u00bbrow\u00a0\u00bb type=\u00a0\u00bbgrid\u00a0\u00bb text_align=\u00a0\u00bbcenter\u00a0\u00bb css_animation=\u00a0\u00bb\u00a0\u00bb][vc_column_inner width=\u00a0\u00bb1\/12&Prime;][\/vc_column_inner][vc_column_inner width=\u00a0\u00bb10\/12&Prime;][vc_text_separator title=\u00a0\u00bbAbstand &#8211; M\u00a0\u00bb border=\u00a0\u00bbno\u00a0\u00bb el_class=\u00a0\u00bbspacing-medium\u00a0\u00bb][vc_column_text css=\u00a0\u00bb\u00a0\u00bb]<\/p>\n<h3>BlueSeal\u00ae Compact<\/h3>\n<p>[\/vc_column_text][vc_empty_space height=\u00a0\u00bb30px\u00a0\u00bb][vc_column_text css=\u00a0\u00bb\u00a0\u00bb]<\/p>\n<h2>Le plus compact des rideaux d\u2019air pour les transports \u00e0 temp\u00e9rature dirig\u00e9e.<\/h2>\n<p>[\/vc_column_text][vc_empty_space height=\u00a0\u00bb30px\u00a0\u00bb][vc_column_text css=\u00a0\u00bb\u00a0\u00bb]BlueSeal\u00ae Compact est con\u00e7u pour s\u2019adapter \u00e0 tout type de v\u00e9hicules de transport routier: remorques, camions fourgons, camionnettes \u00e0 portes lat\u00e9rales ou portes coulissantes. Comme son nom l\u2019indique, BlueSeal\u00ae Compact est plus l\u00e9ger et compact que son a\u00een\u00e9 BlueSeal\u00ae Original. Mesurant seulement 87 mm, la perte de hauteur est n\u00e9gligeable. \u00c0 l&rsquo;origine, BlueSeal Compact a \u00e9t\u00e9 con\u00e7u comme une solution destin\u00e9es aux fourgons \u00e0 temp\u00e9rature contr\u00f4l\u00e9e. Par la suite, il a \u00e9volu\u00e9 pour r\u00e9pondre aux besoins des v\u00e9hicules plus grands qui souhaitent b\u00e9n\u00e9ficier d&rsquo;une hauteur de chargement plus importante.[\/vc_column_text][vc_text_separator title=\u00a0\u00bbAbstand &#8211; M\u00a0\u00bb border=\u00a0\u00bbno\u00a0\u00bb el_class=\u00a0\u00bbspacing-medium\u00a0\u00bb][\/vc_column_inner][vc_column_inner width=\u00a0\u00bb1\/12&Prime;][\/vc_column_inner][\/vc_row_inner][\/vc_column][\/vc_row][vc_row css_animation=\u00a0\u00bb\u00a0\u00bb row_type=\u00a0\u00bbrow\u00a0\u00bb use_row_as_full_screen_section=\u00a0\u00bbno\u00a0\u00bb type=\u00a0\u00bbfull_width\u00a0\u00bb angled_section=\u00a0\u00bbno\u00a0\u00bb text_align=\u00a0\u00bbleft\u00a0\u00bb background_image_as_pattern=\u00a0\u00bbwithout_pattern\u00a0\u00bb z_index=\u00a0\u00bb\u00a0\u00bb padding_top=\u00a0\u00bb60&Prime; padding_bottom=\u00a0\u00bb60&Prime; background_color=\u00a0\u00bb#f7f7f7&Prime;][vc_column][vc_row_inner row_type=\u00a0\u00bbrow\u00a0\u00bb type=\u00a0\u00bbgrid\u00a0\u00bb text_align=\u00a0\u00bbcenter\u00a0\u00bb css_animation=\u00a0\u00bb\u00a0\u00bb el_class=\u00a0\u00bbfixed-button-width\u00a0\u00bb][vc_column_inner width=\u00a0\u00bb1\/12&Prime;][\/vc_column_inner][vc_column_inner width=\u00a0\u00bb10\/12&Prime;][vc_column_text css=\u00a0\u00bb\u00a0\u00bb]<strong>Caract\u00e9ristiques techniques<\/strong>[\/vc_column_text][vc_empty_space height=\u00a0\u00bb20px\u00a0\u00bb][vc_column_text css=\u00a0\u00bb\u00a0\u00bb]D\u00e9couvrez la solution de Brightec pour un contr\u00f4le efficace du climat de la cargaison. Vous trouverez ci-dessous les sp\u00e9cifications techniques, l&rsquo;aper\u00e7u des performances et du type de produit. [\/vc_column_text][vc_empty_space height=\u00a0\u00bb20px\u00a0\u00bb]<a  itemprop=\"url\" href=\"\/wp-content\/uploads\/2025\/05\/BlueSeal_Compact_spec_FR-1.pdf\" target=\"_blank\"  class=\"qbutton  default\" style=\"margin: 10px; \">Caract\u00e9ristiques techniques<i class=\"qode_icon_font_awesome fa fa-file-pdf-o qode_button_icon_element\" style=\"\" ><\/i><\/a><a  itemprop=\"url\" href=\"\/wp-content\/uploads\/2025\/02\/BlueSeal_PerformanceOverview_FR.pdf\" target=\"_blank\"  class=\"qbutton  default\" style=\"margin: 10px; \">Aper\u00e7u du rendement<i class=\"qode_icon_font_awesome fa fa-file-pdf-o qode_button_icon_element\" style=\"\" ><\/i><\/a><a  itemprop=\"url\" href=\"\/wp-content\/uploads\/2025\/02\/BlueSeal_Compact_TypeOverview_FR.pdf\" target=\"_blank\"  class=\"qbutton  default\" style=\"margin: 10px; \">Aper\u00e7u du type<i class=\"qode_icon_font_awesome fa fa-file-pdf-o qode_button_icon_element\" style=\"\" ><\/i><\/a>[\/vc_column_inner][vc_column_inner width=\u00a0\u00bb1\/12&Prime;][\/vc_column_inner][\/vc_row_inner][\/vc_column][\/vc_row][vc_row css_animation=\u00a0\u00bb\u00a0\u00bb row_type=\u00a0\u00bbrow\u00a0\u00bb use_row_as_full_screen_section=\u00a0\u00bbno\u00a0\u00bb type=\u00a0\u00bbgrid\u00a0\u00bb angled_section=\u00a0\u00bbno\u00a0\u00bb text_align=\u00a0\u00bbcenter\u00a0\u00bb background_image_as_pattern=\u00a0\u00bbwithout_pattern\u00a0\u00bb z_index=\u00a0\u00bb\u00a0\u00bb el_class=\u00a0\u00bbcenter-text dark-section\u00a0\u00bb background_color=\u00a0\u00bb#090e1f\u00a0\u00bb padding_top=\u00a0\u00bb100&Prime; padding_bottom=\u00a0\u00bb60&Prime;][vc_column][vc_row_inner row_type=\u00a0\u00bbrow\u00a0\u00bb type=\u00a0\u00bbfull_width\u00a0\u00bb text_align=\u00a0\u00bbleft\u00a0\u00bb css_animation=\u00a0\u00bb\u00a0\u00bb][vc_column_inner][qode_elements_holder number_of_columns=\u00a0\u00bbtwo_columns\u00a0\u00bb][qode_elements_holder_item cover=\u00a0\u00bbyes\u00a0\u00bb advanced_animations=\u00a0\u00bbno\u00a0\u00bb background_image=\u00a0\u00bb521&Prime;][\/qode_elements_holder_item][qode_elements_holder_item advanced_animations=\u00a0\u00bbno\u00a0\u00bb]<div class=\"qode-advanced-pricing-table\">\n\t<div class=\"qode-apt-header qode-apt-row\">\n\t\t<div class=\"qode-apt-title-holder\">\n\t\t\t<h5 class=\"qode-apt-title\">\n\t\t\t\ttitle\t\t\t<\/h5>\n\t\t<\/div>\n\t\t<div class=\"qode-apt-column-title-holder\">\n\t\t\t<h5 class=\"qode-apt-title\">\n\t\t\t\tcolumn itle\t\t\t<\/h5>\n\t\t<\/div>\n\t<\/div>\n\t\t\t<div class=\"qode-apt-items qode-apt-row\">\n\t\t\t<div class=\"qode-apt-item-title\">\n\t\t\t\tLongueur\t\t\t<\/div>\n\t\t\t<div class=\"qode-apt-item-price\">\n\t\t\t\t=800 mm \u2013 2,430 mm\t\t\t<\/div>\n\t\t<\/div>\n\t\t\t<div class=\"qode-apt-items qode-apt-row\">\n\t\t\t<div class=\"qode-apt-item-title\">\n\t\t\t\tHauteur\t\t\t<\/div>\n\t\t\t<div class=\"qode-apt-item-price\">\n\t\t\t\t=87 mm\t\t\t<\/div>\n\t\t<\/div>\n\t\t\t<div class=\"qode-apt-items qode-apt-row\">\n\t\t\t<div class=\"qode-apt-item-title\">\n\t\t\t\tProfondeur\t\t\t<\/div>\n\t\t\t<div class=\"qode-apt-item-price\">\n\t\t\t\t=203 mm\t\t\t<\/div>\n\t\t<\/div>\n\t\t\t<div class=\"qode-apt-items qode-apt-row\">\n\t\t\t<div class=\"qode-apt-item-title\">\n\t\t\t\tPoids\t\t\t<\/div>\n\t\t\t<div class=\"qode-apt-item-price\">\n\t\t\t\t=ca. 5.2 kg per metre \t\t\t<\/div>\n\t\t<\/div>\n\t\t\t<div class=\"qode-apt-items qode-apt-row\">\n\t\t\t<div class=\"qode-apt-item-title\">\n\t\t\t\tBruit\t\t\t<\/div>\n\t\t\t<div class=\"qode-apt-item-price\">\n\t\t\t\t=&lt; 60 dB\t\t\t<\/div>\n\t\t<\/div>\n\t\t\t<div class=\"qode-apt-items qode-apt-row\">\n\t\t\t<div class=\"qode-apt-item-title\">\n\t\t\t\tAlimentation\t\t\t<\/div>\n\t\t\t<div class=\"qode-apt-item-price\">\n\t\t\t\t=50 W per metre\t\t\t<\/div>\n\t\t<\/div>\n\t\t\t<\/div>[\/qode_elements_holder_item][\/qode_elements_holder][\/vc_column_inner][\/vc_row_inner][vc_row_inner row_type=\u00a0\u00bbrow\u00a0\u00bb type=\u00a0\u00bbfull_width\u00a0\u00bb text_align=\u00a0\u00bbcenter\u00a0\u00bb css_animation=\u00a0\u00bb\u00a0\u00bb padding_top=\u00a0\u00bb120&Prime;][vc_column_inner][vc_column_text css=\u00a0\u00bb\u00a0\u00bb el_class=\u00a0\u00bbgradient-text\u00a0\u00bb]<\/p>\n<h2>Disponible en<\/h2>\n<p>[\/vc_column_text][\/vc_column_inner][\/vc_row_inner][\/vc_column][\/vc_row][vc_row css_animation=\u00a0\u00bb\u00a0\u00bb row_type=\u00a0\u00bbrow\u00a0\u00bb use_row_as_full_screen_section=\u00a0\u00bbno\u00a0\u00bb type=\u00a0\u00bbgrid\u00a0\u00bb angled_section=\u00a0\u00bbno\u00a0\u00bb text_align=\u00a0\u00bbleft\u00a0\u00bb background_image_as_pattern=\u00a0\u00bbwithout_pattern\u00a0\u00bb z_index=\u00a0\u00bb\u00a0\u00bb el_class=\u00a0\u00bbcenter-text dark-section\u00a0\u00bb padding_bottom=\u00a0\u00bb100&Prime; background_color=\u00a0\u00bb#090e1f\u00a0\u00bb][vc_column width=\u00a0\u00bb1\/2&Prime;][vc_column_text css=\u00a0\u00bb\u00a0\u00bb]<\/p>\n<h3 style=\"text-align: center;\">BlueSeal\u00ae Compact Series S<\/h3>\n<p>[\/vc_column_text][vc_empty_space height=\u00a0\u00bb30px\u00a0\u00bb][vc_single_image image=\u00a0\u00bb1191&Prime; img_size=\u00a0\u00bbfull\u00a0\u00bb css=\u00a0\u00bb\u00a0\u00bb qode_css_animation=\u00a0\u00bb\u00a0\u00bb][vc_empty_space height=\u00a0\u00bb30px\u00a0\u00bb][vc_column_text css=\u00a0\u00bb\u00a0\u00bb]Ces rideaux d&rsquo;air sont con\u00e7us pour les fourgonnettes et les petits camions-caisses. Le BlueSeal\u00ae Compact Series S est fabriqu\u00e9 selon les sp\u00e9cifications, g\u00e9n\u00e9ralement jusqu\u2019\u00e0 1310 mm de longueur (des unit\u00e9s plus longues peuvent \u00e9galement \u00eatre fabriqu\u00e9es sur mesure \u00e0 la demande). La vitesse et la direction du flux d\u2019air sont optimis\u00e9es pour les petits v\u00e9hicules, cr\u00e9ant ainsi la forme de climatisation la plus efficace pour les v\u00e9hicules disposant d\u2019un espace de chargement restreint.[\/vc_column_text][vc_empty_space height=\u00a0\u00bb60px\u00a0\u00bb][vc_row_inner row_type=\u00a0\u00bbrow\u00a0\u00bb type=\u00a0\u00bbfull_width\u00a0\u00bb text_align=\u00a0\u00bbleft\u00a0\u00bb css_animation=\u00a0\u00bb\u00a0\u00bb el_class=\u00a0\u00bbbadges\u00a0\u00bb css=\u00a0\u00bb.vc_custom_1727088262785{padding-top: 52px !important;}\u00a0\u00bb][vc_column_inner][vc_single_image image=\u00a0\u00bb513&Prime; img_size=\u00a0\u00bbfull\u00a0\u00bb css=\u00a0\u00bb\u00a0\u00bb qode_css_animation=\u00a0\u00bb\u00a0\u00bb][\/vc_column_inner][\/vc_row_inner][\/vc_column][vc_column width=\u00a0\u00bb1\/2&Prime;][vc_column_text css=\u00a0\u00bb\u00a0\u00bb]<\/p>\n<h3 style=\"text-align: center;\">BlueSeal\u00ae Compact Series L<\/h3>\n<p>[\/vc_column_text][vc_empty_space height=\u00a0\u00bb30px\u00a0\u00bb][vc_single_image image=\u00a0\u00bb578&Prime; img_size=\u00a0\u00bbfull\u00a0\u00bb css=\u00a0\u00bb\u00a0\u00bb qode_css_animation=\u00a0\u00bb\u00a0\u00bb][vc_empty_space height=\u00a0\u00bb30px\u00a0\u00bb][vc_column_text css=\u00a0\u00bb\u00a0\u00bb]Ces rideaux d&rsquo;air sont con\u00e7us pour les v\u00e9hicules de plus grande taille, y compris les camions rigides et les semi-remorques. Le BlueSeal\u00ae Compact Series L est disponible dans des longueurs allant jusqu\u2019\u00e0 2 430 mm. Dans ce mod\u00e8le, le flux d\u2019air est optimis\u00e9 pour les v\u00e9hicules plus grands qui peuvent b\u00e9n\u00e9ficier d\u2019une hauteur de chargement moins r\u00e9duite offerte par le mod\u00e8le Compact. Et il est tout aussi efficace que BlueSeal Original pour le maintien des marchandises au frais.[\/vc_column_text][vc_empty_space height=\u00a0\u00bb60px\u00a0\u00bb][vc_row_inner row_type=\u00a0\u00bbrow\u00a0\u00bb type=\u00a0\u00bbfull_width\u00a0\u00bb text_align=\u00a0\u00bbleft\u00a0\u00bb css_animation=\u00a0\u00bb\u00a0\u00bb el_class=\u00a0\u00bbbadges\u00a0\u00bb css=\u00a0\u00bb.vc_custom_1727088262785{padding-top: 52px !important;}\u00a0\u00bb][vc_column_inner][vc_single_image image=\u00a0\u00bb514&Prime; img_size=\u00a0\u00bbfull\u00a0\u00bb css=\u00a0\u00bb\u00a0\u00bb qode_css_animation=\u00a0\u00bb\u00a0\u00bb][vc_single_image image=\u00a0\u00bb437&Prime; img_size=\u00a0\u00bbfull\u00a0\u00bb css=\u00a0\u00bb\u00a0\u00bb qode_css_animation=\u00a0\u00bb\u00a0\u00bb][\/vc_column_inner][\/vc_row_inner][\/vc_column][\/vc_row][vc_row css_animation=\u00a0\u00bb\u00a0\u00bb row_type=\u00a0\u00bbrow\u00a0\u00bb use_row_as_full_screen_section=\u00a0\u00bbno\u00a0\u00bb type=\u00a0\u00bbgrid\u00a0\u00bb angled_section=\u00a0\u00bbno\u00a0\u00bb text_align=\u00a0\u00bbleft\u00a0\u00bb background_image_as_pattern=\u00a0\u00bbwithout_pattern\u00a0\u00bb z_index=\u00a0\u00bb\u00a0\u00bb background_color=\u00a0\u00bb#f7f7f7&Prime; padding_top=\u00a0\u00bb100&Prime; padding_bottom=\u00a0\u00bb100&Prime;][vc_column][vc_row_inner row_type=\u00a0\u00bbrow\u00a0\u00bb type=\u00a0\u00bbfull_width\u00a0\u00bb text_align=\u00a0\u00bbcenter\u00a0\u00bb css_animation=\u00a0\u00bb\u00a0\u00bb el_class=\u00a0\u00bbcenter-text\u00a0\u00bb][vc_column_inner][vc_column_text css=\u00a0\u00bb\u00a0\u00bb el_class=\u00a0\u00bbgradient-text\u00a0\u00bb]<\/p>\n<h2><span class=\"TextRun SCXW100816644 BCX0\" lang=\"EN-GB\" xml:lang=\"EN-GB\" data-contrast=\"auto\"><span class=\"NormalTextRun SCXW100816644 BCX0\">Fonctionnement <\/span><span class=\"NormalTextRun SCXW100816644 BCX0\">de <\/span><span class=\"NormalTextRun SCXW100816644 BCX0\">BlueSeal<\/span> \u00ae<\/span><\/h2>\n<p>[\/vc_column_text][\/vc_column_inner][\/vc_row_inner][vc_row_inner row_type=\u00a0\u00bbrow\u00a0\u00bb type=\u00a0\u00bbfull_width\u00a0\u00bb text_align=\u00a0\u00bbleft\u00a0\u00bb css_animation=\u00a0\u00bb\u00a0\u00bb el_class=\u00a0\u00bbprocess-with-title\u00a0\u00bb][vc_column_inner]<div class=\"qode-numbered-process-holder qode-numbered-process-holder-items-three qodef-np-padding-medium qode-np-line-solid\">\n\t<div class=\"qode-numbered-process-inner\">\n\t\t<div class=\"qode-np-item\">\n\t<div class=\"qode-np-item-image-holder\">\n\t\t\t\t\t<div class=\"qode-np-item-image-inner\" >\n\t\t\t\t<div class=\"qode-np-item-image-table\">\n\t\t\t\t\t<div class=\"qode-np-item-image-table-cell\">\n\t\t\t\t\t\t<img decoding=\"async\" src=\"https:\/\/blueseal-aircurtains.com\/wp-content\/uploads\/2024\/07\/1-clicktofit.jpg\" alt=\"qode-np-item\"\/>\n\t\t\t\t\t<\/div>\n\t\t\t\t<\/div>\n\t\t\t\t\t\t\t\t\t<span class=\"qode-np-item-number\" >Installation facile<\/span>\n\t\t\t\t\t\t\t<\/div>\n\t\t\t\t\t\t<span class=\"qode-np-line\"><\/span>\n\t<\/div>\n\t\t\t<h4 class=\"qode-np-title\" >\n\t\t\tBlueSeal\u00ae peut \u00eatre install\u00e9 facilement sur tout v\u00e9hicule nouveau ou existant, \u00e0 l&#039;aide d&#039;un syst\u00e8me de clics fix\u00e9 \u00e0 une plaque de montage au plafond du v\u00e9hicule. Ils peuvent \u00eatre install\u00e9s au-dessus des portes de chargement arri\u00e8re ainsi que des portes lat\u00e9rales et peuvent \u00eatre construits selon vos sp\u00e9cifications.\t\t<\/h4>\n\t<\/div><div class=\"qode-np-item\">\n\t<div class=\"qode-np-item-image-holder\">\n\t\t\t\t\t<div class=\"qode-np-item-image-inner\" >\n\t\t\t\t<div class=\"qode-np-item-image-table\">\n\t\t\t\t\t<div class=\"qode-np-item-image-table-cell\">\n\t\t\t\t\t\t<img decoding=\"async\" src=\"https:\/\/blueseal-aircurtains.com\/wp-content\/uploads\/2024\/07\/2-coldbarrier.jpg\" alt=\"qode-np-item\"\/>\n\t\t\t\t\t<\/div>\n\t\t\t\t<\/div>\n\t\t\t\t\t\t\t\t\t<span class=\"qode-np-item-number\" >Climatisation am\u00e9lior\u00e9e<\/span>\n\t\t\t\t\t\t\t<\/div>\n\t\t\t\t\t\t<span class=\"qode-np-line\"><\/span>\n\t<\/div>\n\t\t\t<h4 class=\"qode-np-title\" >\n\t\t\tBlueSeal\u00ae s\u2019active automatiquement pendant le chargement\/d\u00e9chargement. L\u2019air est aspir\u00e9 par BlueSeal\u00ae et transform\u00e9 en un rideau d\u2019air vertical qui s\u00e9pare le froid \u00e0 l\u2019int\u00e9rieur de la remorque de l\u2019air \u00e0 temp\u00e9rature ambiante (plus chaud) \u00e0 l\u2019ext\u00e9rieur du v\u00e9hicule. De m\u00eame, les insectes, la poussi\u00e8re et l\u2019air humide ne peuvent y p\u00e9n\u00e9trer.\t\t<\/h4>\n\t<\/div><div class=\"qode-np-item\">\n\t<div class=\"qode-np-item-image-holder\">\n\t\t\t\t\t<div class=\"qode-np-item-image-inner\" >\n\t\t\t\t<div class=\"qode-np-item-image-table\">\n\t\t\t\t\t<div class=\"qode-np-item-image-table-cell\">\n\t\t\t\t\t\t<img decoding=\"async\" src=\"https:\/\/blueseal-aircurtains.com\/wp-content\/uploads\/2024\/07\/blueseal_vanairflow.jpg\" alt=\"qode-np-item\"\/>\n\t\t\t\t\t<\/div>\n\t\t\t\t<\/div>\n\t\t\t\t\t\t\t\t\t<span class=\"qode-np-item-number\" >Conservation de la fra\u00eecheur des produits<\/span>\n\t\t\t\t\t\t\t<\/div>\n\t\t\t\t\t\t<span class=\"qode-np-line\"><\/span>\n\t<\/div>\n\t\t\t<h4 class=\"qode-np-title\" >\n\t\t\tL&#039;air froid est maintenu \u00e0 l&#039;int\u00e9rieur du v\u00e9hicule lors de l&#039;ouverture des portes, ce qui pr\u00e9serve l&#039;int\u00e9grit\u00e9 des marchandises \u00e0 temp\u00e9rature contr\u00f4l\u00e9e. La temp\u00e9rature dans l&#039;espace de chargement augmente beaucoup plus lentement avec un rideau d&#039;air lors de l&#039;ouverture des portes qu&#039;avec des bandes de PVC.\t\t<\/h4>\n\t<\/div>\t<\/div>\n<\/div>[\/vc_column_inner][\/vc_row_inner][vc_text_separator title=\u00a0\u00bbAbstand &#8211; M\u00a0\u00bb border=\u00a0\u00bbno\u00a0\u00bb el_class=\u00a0\u00bbspacing-medium\u00a0\u00bb][\/vc_column][\/vc_row][vc_row css_animation=\u00a0\u00bb\u00a0\u00bb row_type=\u00a0\u00bbrow\u00a0\u00bb use_row_as_full_screen_section=\u00a0\u00bbno\u00a0\u00bb type=\u00a0\u00bbgrid\u00a0\u00bb angled_section=\u00a0\u00bbno\u00a0\u00bb text_align=\u00a0\u00bbleft\u00a0\u00bb background_image_as_pattern=\u00a0\u00bbwithout_pattern\u00a0\u00bb z_index=\u00a0\u00bb\u00a0\u00bb padding_top=\u00a0\u00bb100&Prime; padding_bottom=\u00a0\u00bb100&Prime;][vc_column][vc_column_text css=\u00a0\u00bb\u00a0\u00bb]<\/p>\n<h2>Rideaux d\u2019air BlueSeal\u00ae pour v\u00e9hicules<\/h2>\n<p>[\/vc_column_text][vc_empty_space height=\u00a0\u00bb20px\u00a0\u00bb][vc_column_text css=\u00a0\u00bb\u00a0\u00bb]<\/p>\n<h6>Rideaux d\u2019air pour un contr\u00f4le climatique avanc\u00e9<\/h6>\n<p>[\/vc_column_text][vc_empty_space height=\u00a0\u00bb30px\u00a0\u00bb][vc_column_text css=\u00a0\u00bb\u00a0\u00bb]Les rideaux d\u2019air BlueSeal\u00ae offrent une solution simple et performante aux op\u00e9rateurs de v\u00e9hicules sous temp\u00e9rature dirig\u00e9e, quelle que soit leur taille. Le mod\u00e8le BlueSeal\u00ae Compact a \u00e9t\u00e9 d\u00e9velopp\u00e9 \u00e0 l\u2019origine pour les utilitaires l\u00e9gers, alliant un design plus compact \u00e0 l\u2019efficacit\u00e9 du mod\u00e8le Original. Bien qu\u2019il reste un choix privil\u00e9gi\u00e9 pour les fourgons et camionnettes, BlueSeal\u00ae Compact convient d\u00e9sormais \u00e0 tous types de v\u00e9hicules souhaitant b\u00e9n\u00e9ficier d\u2019un contr\u00f4le climatique avanc\u00e9, avec un impact minimal sur la hauteur de passage des portes arri\u00e8re ou lat\u00e9rales.[\/vc_column_text][\/vc_column][\/vc_row][vc_row css_animation=\u00a0\u00bb\u00a0\u00bb row_type=\u00a0\u00bbrow\u00a0\u00bb use_row_as_full_screen_section=\u00a0\u00bbno\u00a0\u00bb type=\u00a0\u00bbfull_width\u00a0\u00bb angled_section=\u00a0\u00bbno\u00a0\u00bb text_align=\u00a0\u00bbleft\u00a0\u00bb background_image_as_pattern=\u00a0\u00bbwithout_pattern\u00a0\u00bb][vc_column]<div class=\"call_to_action normal\" style=\"\"><div class=\"container_inner\"><div class=\"two_columns_75_25 clearfix\"><div class=\"text_wrapper column1\"><div class=\"call_to_action_text \" style=\"\"><strong>Voulez-vous en savoir plus sur les rideaux d&rsquo;air BlueSeal\u00ae?<\/strong><\/div><\/div><div class=\"button_wrapper column2\"><a itemprop=\"url\" href=\"\/contact\" class=\"qbutton white \" target=\"_self\" style=\"\" >Prendre contact<\/a><\/div><\/div><\/div><\/div>[\/vc_column][\/vc_row]<\/p>\n<\/div>","protected":false},"excerpt":{"rendered":"<p>[vc_row css_animation=\u00a0\u00bb\u00a0\u00bb row_type=\u00a0\u00bbrow\u00a0\u00bb use_row_as_full_screen_section=\u00a0\u00bbno\u00a0\u00bb type=\u00a0\u00bbfull_width\u00a0\u00bb angled_section=\u00a0\u00bbno\u00a0\u00bb text_align=\u00a0\u00bbleft\u00a0\u00bb background_image_as_pattern=\u00a0\u00bbwithout_pattern\u00a0\u00bb z_index=\u00a0\u00bb\u00a0\u00bb][vc_column][vc_row_inner row_type=\u00a0\u00bbrow\u00a0\u00bb type=\u00a0\u00bbgrid\u00a0\u00bb text_align=\u00a0\u00bbcenter\u00a0\u00bb css_animation=\u00a0\u00bb\u00a0\u00bb][vc_column_inner width=\u00a0\u00bb1\/12&Prime;][\/vc_column_inner][vc_column_inner width=\u00a0\u00bb10\/12&Prime;][vc_text_separator title=\u00a0\u00bbAbstand &#8211; M\u00a0\u00bb border=\u00a0\u00bbno\u00a0\u00bb el_class=\u00a0\u00bbspacing-medium\u00a0\u00bb][vc_column_text css=\u00a0\u00bb\u00a0\u00bb] BlueSeal\u00ae Compact [\/vc_column_text][vc_empty_space height=\u00a0\u00bb30px\u00a0\u00bb][vc_column_text css=\u00a0\u00bb\u00a0\u00bb] Le plus compact des rideaux d\u2019air pour les transports \u00e0 temp\u00e9rature dirig\u00e9e. [\/vc_column_text][vc_empty_space height=\u00a0\u00bb30px\u00a0\u00bb][vc_column_text css=\u00a0\u00bb\u00a0\u00bb]BlueSeal\u00ae Compact est con\u00e7u pour&#8230;<\/p>\n","protected":false},"author":2,"featured_media":0,"parent":1095,"menu_order":0,"comment_status":"closed","ping_status":"closed","template":"full_width.php","meta":{"inline_featured_image":false,"footnotes":""},"class_list":["post-1148","page","type-page","status-publish","hentry"],"acf":[],"yoast_head":"<!-- This site is optimized with the Yoast SEO plugin v27.4 - https:\/\/yoast.com\/product\/yoast-seo-wordpress\/ -->\n<title>Rideaux d&#039;air BlueSeal Compact pour camions et remorques<\/title>\n<meta name=\"description\" content=\"BlueSeal Compact est notre rideau d&#039;air ultra-mince. Maintenez la cha\u00eene du froid sans compromettre la hauteur de chargement de votre v\u00e9hicule frigorifique.\" \/>\n<meta name=\"robots\" content=\"index, follow, max-snippet:-1, max-image-preview:large, max-video-preview:-1\" \/>\n<link rel=\"canonical\" href=\"https:\/\/blueseal-aircurtains.com\/fr\/produits\/blueseal-compact\/\" \/>\n<meta property=\"og:locale\" content=\"fr_FR\" \/>\n<meta property=\"og:type\" content=\"article\" \/>\n<meta property=\"og:title\" content=\"Rideaux d&#039;air BlueSeal Compact pour camions et remorques\" \/>\n<meta property=\"og:description\" content=\"BlueSeal Compact est notre rideau d&#039;air ultra-mince. Maintenez la cha\u00eene du froid sans compromettre la hauteur de chargement de votre v\u00e9hicule frigorifique.\" \/>\n<meta property=\"og:url\" content=\"https:\/\/blueseal-aircurtains.com\/fr\/produits\/blueseal-compact\/\" \/>\n<meta property=\"og:site_name\" content=\"BlueSeal air curtains by Brightec BV\" \/>\n<meta property=\"article:publisher\" content=\"https:\/\/www.facebook.com\/brightecbv\" \/>\n<meta property=\"article:modified_time\" content=\"2025-10-27T11:39:19+00:00\" \/>\n<meta property=\"og:image\" content=\"https:\/\/blueseal-aircurtains.com\/wp-content\/uploads\/2024\/11\/blueseal-compact.jpg\" \/>\n\t<meta property=\"og:image:width\" content=\"1920\" \/>\n\t<meta property=\"og:image:height\" content=\"1080\" \/>\n\t<meta property=\"og:image:type\" content=\"image\/jpeg\" \/>\n<meta name=\"twitter:card\" content=\"summary_large_image\" \/>\n<meta name=\"twitter:site\" content=\"@BrightecBv\" \/>\n<meta name=\"twitter:label1\" content=\"Dur\u00e9e de lecture estim\u00e9e\" \/>\n\t<meta name=\"twitter:data1\" content=\"5 minutes\" \/>\n<script type=\"application\/ld+json\" class=\"yoast-schema-graph\">{\"@context\":\"https:\\\/\\\/schema.org\",\"@graph\":[{\"@type\":\"NewsArticle\",\"@id\":\"https:\\\/\\\/blueseal-aircurtains.com\\\/fr\\\/produits\\\/blueseal-compact\\\/#article\",\"isPartOf\":{\"@id\":\"https:\\\/\\\/blueseal-aircurtains.com\\\/fr\\\/produits\\\/blueseal-compact\\\/\"},\"author\":{\"name\":\"dev\",\"@id\":\"https:\\\/\\\/blueseal-aircurtains.com\\\/fr\\\/#\\\/schema\\\/person\\\/481bed41a6011e613bf2eb0f774101b4\"},\"headline\":\"BlueSeal\u00ae Compact\",\"datePublished\":\"2024-08-09T10:29:48+00:00\",\"dateModified\":\"2025-10-27T11:39:19+00:00\",\"mainEntityOfPage\":{\"@id\":\"https:\\\/\\\/blueseal-aircurtains.com\\\/fr\\\/produits\\\/blueseal-compact\\\/\"},\"wordCount\":1728,\"publisher\":{\"@id\":\"https:\\\/\\\/blueseal-aircurtains.com\\\/fr\\\/#organization\"},\"inLanguage\":\"fr-FR\"},{\"@type\":\"WebPage\",\"@id\":\"https:\\\/\\\/blueseal-aircurtains.com\\\/fr\\\/produits\\\/blueseal-compact\\\/\",\"url\":\"https:\\\/\\\/blueseal-aircurtains.com\\\/fr\\\/produits\\\/blueseal-compact\\\/\",\"name\":\"Rideaux d'air BlueSeal Compact pour camions et remorques\",\"isPartOf\":{\"@id\":\"https:\\\/\\\/blueseal-aircurtains.com\\\/fr\\\/#website\"},\"datePublished\":\"2024-08-09T10:29:48+00:00\",\"dateModified\":\"2025-10-27T11:39:19+00:00\",\"description\":\"BlueSeal Compact est notre rideau d'air ultra-mince. Maintenez la cha\u00eene du froid sans compromettre la hauteur de chargement de votre v\u00e9hicule frigorifique.\",\"breadcrumb\":{\"@id\":\"https:\\\/\\\/blueseal-aircurtains.com\\\/fr\\\/produits\\\/blueseal-compact\\\/#breadcrumb\"},\"inLanguage\":\"fr-FR\",\"potentialAction\":[{\"@type\":\"ReadAction\",\"target\":[\"https:\\\/\\\/blueseal-aircurtains.com\\\/fr\\\/produits\\\/blueseal-compact\\\/\"]}]},{\"@type\":\"BreadcrumbList\",\"@id\":\"https:\\\/\\\/blueseal-aircurtains.com\\\/fr\\\/produits\\\/blueseal-compact\\\/#breadcrumb\",\"itemListElement\":[{\"@type\":\"ListItem\",\"position\":1,\"name\":\"Home\",\"item\":\"https:\\\/\\\/blueseal-aircurtains.com\\\/fr\\\/\"},{\"@type\":\"ListItem\",\"position\":2,\"name\":\"Produits\",\"item\":\"https:\\\/\\\/blueseal-aircurtains.com\\\/fr\\\/produits\\\/\"},{\"@type\":\"ListItem\",\"position\":3,\"name\":\"BlueSeal\u00ae Compact\"}]},{\"@type\":\"WebSite\",\"@id\":\"https:\\\/\\\/blueseal-aircurtains.com\\\/fr\\\/#website\",\"url\":\"https:\\\/\\\/blueseal-aircurtains.com\\\/fr\\\/\",\"name\":\"BlueSeal air curtains by Brightec BV\",\"description\":\"Air curtains for temperature controlled transport\",\"publisher\":{\"@id\":\"https:\\\/\\\/blueseal-aircurtains.com\\\/fr\\\/#organization\"},\"alternateName\":\"Brightec B.V.\",\"potentialAction\":[{\"@type\":\"SearchAction\",\"target\":{\"@type\":\"EntryPoint\",\"urlTemplate\":\"https:\\\/\\\/blueseal-aircurtains.com\\\/fr\\\/?s={search_term_string}\"},\"query-input\":{\"@type\":\"PropertyValueSpecification\",\"valueRequired\":true,\"valueName\":\"search_term_string\"}}],\"inLanguage\":\"fr-FR\"},{\"@type\":\"Organization\",\"@id\":\"https:\\\/\\\/blueseal-aircurtains.com\\\/fr\\\/#organization\",\"name\":\"BlueSeal air curtains by Brightec BV\",\"alternateName\":\"Brightec B.V.\",\"url\":\"https:\\\/\\\/blueseal-aircurtains.com\\\/fr\\\/\",\"logo\":{\"@type\":\"ImageObject\",\"inLanguage\":\"fr-FR\",\"@id\":\"https:\\\/\\\/blueseal-aircurtains.com\\\/fr\\\/#\\\/schema\\\/logo\\\/image\\\/\",\"url\":\"https:\\\/\\\/blueseal-aircurtains.com\\\/wp-content\\\/uploads\\\/2024\\\/07\\\/blueseal-logo-colored.svg\",\"contentUrl\":\"https:\\\/\\\/blueseal-aircurtains.com\\\/wp-content\\\/uploads\\\/2024\\\/07\\\/blueseal-logo-colored.svg\",\"width\":240,\"height\":51,\"caption\":\"BlueSeal air curtains by Brightec BV\"},\"image\":{\"@id\":\"https:\\\/\\\/blueseal-aircurtains.com\\\/fr\\\/#\\\/schema\\\/logo\\\/image\\\/\"},\"sameAs\":[\"https:\\\/\\\/www.facebook.com\\\/brightecbv\",\"https:\\\/\\\/x.com\\\/BrightecBv\"]},{\"@type\":\"Person\",\"@id\":\"https:\\\/\\\/blueseal-aircurtains.com\\\/fr\\\/#\\\/schema\\\/person\\\/481bed41a6011e613bf2eb0f774101b4\",\"name\":\"dev\",\"image\":{\"@type\":\"ImageObject\",\"inLanguage\":\"fr-FR\",\"@id\":\"https:\\\/\\\/secure.gravatar.com\\\/avatar\\\/4a2b6c480bb3a58fe62c99051c3e1ca9c9c06de8a61eb97fa22ba242a4dc4dea?s=96&d=mm&r=g\",\"url\":\"https:\\\/\\\/secure.gravatar.com\\\/avatar\\\/4a2b6c480bb3a58fe62c99051c3e1ca9c9c06de8a61eb97fa22ba242a4dc4dea?s=96&d=mm&r=g\",\"contentUrl\":\"https:\\\/\\\/secure.gravatar.com\\\/avatar\\\/4a2b6c480bb3a58fe62c99051c3e1ca9c9c06de8a61eb97fa22ba242a4dc4dea?s=96&d=mm&r=g\",\"caption\":\"dev\"},\"url\":\"https:\\\/\\\/blueseal-aircurtains.com\\\/fr\\\/author\\\/dev\\\/\"}]}<\/script>\n<!-- \/ Yoast SEO plugin. -->","yoast_head_json":{"title":"Rideaux d'air BlueSeal Compact pour camions et remorques","description":"BlueSeal Compact est notre rideau d'air ultra-mince. Maintenez la cha\u00eene du froid sans compromettre la hauteur de chargement de votre v\u00e9hicule frigorifique.","robots":{"index":"index","follow":"follow","max-snippet":"max-snippet:-1","max-image-preview":"max-image-preview:large","max-video-preview":"max-video-preview:-1"},"canonical":"https:\/\/blueseal-aircurtains.com\/fr\/produits\/blueseal-compact\/","og_locale":"fr_FR","og_type":"article","og_title":"Rideaux d'air BlueSeal Compact pour camions et remorques","og_description":"BlueSeal Compact est notre rideau d'air ultra-mince. Maintenez la cha\u00eene du froid sans compromettre la hauteur de chargement de votre v\u00e9hicule frigorifique.","og_url":"https:\/\/blueseal-aircurtains.com\/fr\/produits\/blueseal-compact\/","og_site_name":"BlueSeal air curtains by Brightec BV","article_publisher":"https:\/\/www.facebook.com\/brightecbv","article_modified_time":"2025-10-27T11:39:19+00:00","og_image":[{"width":1920,"height":1080,"url":"https:\/\/blueseal-aircurtains.com\/wp-content\/uploads\/2024\/11\/blueseal-compact.jpg","type":"image\/jpeg"}],"twitter_card":"summary_large_image","twitter_site":"@BrightecBv","twitter_misc":{"Dur\u00e9e de lecture estim\u00e9e":"5 minutes"},"schema":{"@context":"https:\/\/schema.org","@graph":[{"@type":"NewsArticle","@id":"https:\/\/blueseal-aircurtains.com\/fr\/produits\/blueseal-compact\/#article","isPartOf":{"@id":"https:\/\/blueseal-aircurtains.com\/fr\/produits\/blueseal-compact\/"},"author":{"name":"dev","@id":"https:\/\/blueseal-aircurtains.com\/fr\/#\/schema\/person\/481bed41a6011e613bf2eb0f774101b4"},"headline":"BlueSeal\u00ae Compact","datePublished":"2024-08-09T10:29:48+00:00","dateModified":"2025-10-27T11:39:19+00:00","mainEntityOfPage":{"@id":"https:\/\/blueseal-aircurtains.com\/fr\/produits\/blueseal-compact\/"},"wordCount":1728,"publisher":{"@id":"https:\/\/blueseal-aircurtains.com\/fr\/#organization"},"inLanguage":"fr-FR"},{"@type":"WebPage","@id":"https:\/\/blueseal-aircurtains.com\/fr\/produits\/blueseal-compact\/","url":"https:\/\/blueseal-aircurtains.com\/fr\/produits\/blueseal-compact\/","name":"Rideaux d'air BlueSeal Compact pour camions et remorques","isPartOf":{"@id":"https:\/\/blueseal-aircurtains.com\/fr\/#website"},"datePublished":"2024-08-09T10:29:48+00:00","dateModified":"2025-10-27T11:39:19+00:00","description":"BlueSeal Compact est notre rideau d'air ultra-mince. Maintenez la cha\u00eene du froid sans compromettre la hauteur de chargement de votre v\u00e9hicule frigorifique.","breadcrumb":{"@id":"https:\/\/blueseal-aircurtains.com\/fr\/produits\/blueseal-compact\/#breadcrumb"},"inLanguage":"fr-FR","potentialAction":[{"@type":"ReadAction","target":["https:\/\/blueseal-aircurtains.com\/fr\/produits\/blueseal-compact\/"]}]},{"@type":"BreadcrumbList","@id":"https:\/\/blueseal-aircurtains.com\/fr\/produits\/blueseal-compact\/#breadcrumb","itemListElement":[{"@type":"ListItem","position":1,"name":"Home","item":"https:\/\/blueseal-aircurtains.com\/fr\/"},{"@type":"ListItem","position":2,"name":"Produits","item":"https:\/\/blueseal-aircurtains.com\/fr\/produits\/"},{"@type":"ListItem","position":3,"name":"BlueSeal\u00ae Compact"}]},{"@type":"WebSite","@id":"https:\/\/blueseal-aircurtains.com\/fr\/#website","url":"https:\/\/blueseal-aircurtains.com\/fr\/","name":"BlueSeal air curtains by Brightec BV","description":"Air curtains for temperature controlled transport","publisher":{"@id":"https:\/\/blueseal-aircurtains.com\/fr\/#organization"},"alternateName":"Brightec B.V.","potentialAction":[{"@type":"SearchAction","target":{"@type":"EntryPoint","urlTemplate":"https:\/\/blueseal-aircurtains.com\/fr\/?s={search_term_string}"},"query-input":{"@type":"PropertyValueSpecification","valueRequired":true,"valueName":"search_term_string"}}],"inLanguage":"fr-FR"},{"@type":"Organization","@id":"https:\/\/blueseal-aircurtains.com\/fr\/#organization","name":"BlueSeal air curtains by Brightec BV","alternateName":"Brightec B.V.","url":"https:\/\/blueseal-aircurtains.com\/fr\/","logo":{"@type":"ImageObject","inLanguage":"fr-FR","@id":"https:\/\/blueseal-aircurtains.com\/fr\/#\/schema\/logo\/image\/","url":"https:\/\/blueseal-aircurtains.com\/wp-content\/uploads\/2024\/07\/blueseal-logo-colored.svg","contentUrl":"https:\/\/blueseal-aircurtains.com\/wp-content\/uploads\/2024\/07\/blueseal-logo-colored.svg","width":240,"height":51,"caption":"BlueSeal air curtains by Brightec BV"},"image":{"@id":"https:\/\/blueseal-aircurtains.com\/fr\/#\/schema\/logo\/image\/"},"sameAs":["https:\/\/www.facebook.com\/brightecbv","https:\/\/x.com\/BrightecBv"]},{"@type":"Person","@id":"https:\/\/blueseal-aircurtains.com\/fr\/#\/schema\/person\/481bed41a6011e613bf2eb0f774101b4","name":"dev","image":{"@type":"ImageObject","inLanguage":"fr-FR","@id":"https:\/\/secure.gravatar.com\/avatar\/4a2b6c480bb3a58fe62c99051c3e1ca9c9c06de8a61eb97fa22ba242a4dc4dea?s=96&d=mm&r=g","url":"https:\/\/secure.gravatar.com\/avatar\/4a2b6c480bb3a58fe62c99051c3e1ca9c9c06de8a61eb97fa22ba242a4dc4dea?s=96&d=mm&r=g","contentUrl":"https:\/\/secure.gravatar.com\/avatar\/4a2b6c480bb3a58fe62c99051c3e1ca9c9c06de8a61eb97fa22ba242a4dc4dea?s=96&d=mm&r=g","caption":"dev"},"url":"https:\/\/blueseal-aircurtains.com\/fr\/author\/dev\/"}]}},"_links":{"self":[{"href":"https:\/\/blueseal-aircurtains.com\/fr\/wp-json\/wp\/v2\/pages\/1148","targetHints":{"allow":["GET"]}}],"collection":[{"href":"https:\/\/blueseal-aircurtains.com\/fr\/wp-json\/wp\/v2\/pages"}],"about":[{"href":"https:\/\/blueseal-aircurtains.com\/fr\/wp-json\/wp\/v2\/types\/page"}],"author":[{"embeddable":true,"href":"https:\/\/blueseal-aircurtains.com\/fr\/wp-json\/wp\/v2\/users\/2"}],"replies":[{"embeddable":true,"href":"https:\/\/blueseal-aircurtains.com\/fr\/wp-json\/wp\/v2\/comments?post=1148"}],"version-history":[{"count":34,"href":"https:\/\/blueseal-aircurtains.com\/fr\/wp-json\/wp\/v2\/pages\/1148\/revisions"}],"predecessor-version":[{"id":3844,"href":"https:\/\/blueseal-aircurtains.com\/fr\/wp-json\/wp\/v2\/pages\/1148\/revisions\/3844"}],"up":[{"embeddable":true,"href":"https:\/\/blueseal-aircurtains.com\/fr\/wp-json\/wp\/v2\/pages\/1095"}],"wp:attachment":[{"href":"https:\/\/blueseal-aircurtains.com\/fr\/wp-json\/wp\/v2\/media?parent=1148"}],"curies":[{"name":"wp","href":"https:\/\/api.w.org\/{rel}","templated":true}]}}