{"id":1119,"date":"2024-07-24T12:54:35","date_gmt":"2024-07-24T12:54:35","guid":{"rendered":"https:\/\/blueseal-aircurtains.com\/apercus"},"modified":"2025-10-27T12:23:44","modified_gmt":"2025-10-27T12:23:44","slug":"reflexion","status":"publish","type":"page","link":"https:\/\/blueseal-aircurtains.com\/fr\/reflexion\/","title":{"rendered":"R\u00e9flexion"},"content":{"rendered":"<div class=\"wpb-content-wrapper\"><p>[vc_row css_animation=\u00a0\u00bb\u00a0\u00bb row_type=\u00a0\u00bbrow\u00a0\u00bb use_row_as_full_screen_section=\u00a0\u00bbno\u00a0\u00bb type=\u00a0\u00bbfull_width\u00a0\u00bb angled_section=\u00a0\u00bbno\u00a0\u00bb text_align=\u00a0\u00bbleft\u00a0\u00bb background_image_as_pattern=\u00a0\u00bbwithout_pattern\u00a0\u00bb z_index=\u00a0\u00bb\u00a0\u00bb][vc_column][vc_row_inner row_type=\u00a0\u00bbrow\u00a0\u00bb type=\u00a0\u00bbgrid\u00a0\u00bb text_align=\u00a0\u00bbcenter\u00a0\u00bb css_animation=\u00a0\u00bb\u00a0\u00bb][vc_column_inner width=\u00a0\u00bb1\/12&Prime;][\/vc_column_inner][vc_column_inner width=\u00a0\u00bb10\/12&Prime;][vc_text_separator title=\u00a0\u00bbAbstand &#8211; L\u00a0\u00bb border=\u00a0\u00bbno\u00a0\u00bb el_class=\u00a0\u00bbspacing-large\u00a0\u00bb][vc_column_text css=\u00a0\u00bb\u00a0\u00bb]<\/p>\n<h3>R\u00e9flexion<\/h3>\n<p>[\/vc_column_text][vc_empty_space height=\u00a0\u00bb30px\u00a0\u00bb][vc_column_text css=\u00a0\u00bb\u00a0\u00bb]<\/p>\n<h2>Restez inform\u00e9 des derniers d\u00e9veloppements et actualit\u00e9s.<\/h2>\n<p>[\/vc_column_text][vc_text_separator title=\u00a0\u00bbAbstand &#8211; M\u00a0\u00bb border=\u00a0\u00bbno\u00a0\u00bb el_class=\u00a0\u00bbspacing-medium\u00a0\u00bb][\/vc_column_inner][vc_column_inner width=\u00a0\u00bb1\/12&Prime;][\/vc_column_inner][\/vc_row_inner][\/vc_column][\/vc_row][vc_row css_animation=\u00a0\u00bb\u00a0\u00bb row_type=\u00a0\u00bbrow\u00a0\u00bb use_row_as_full_screen_section=\u00a0\u00bbno\u00a0\u00bb type=\u00a0\u00bbgrid\u00a0\u00bb angled_section=\u00a0\u00bbno\u00a0\u00bb text_align=\u00a0\u00bbleft\u00a0\u00bb background_image_as_pattern=\u00a0\u00bbwithout_pattern\u00a0\u00bb z_index=\u00a0\u00bb\u00a0\u00bb][vc_column]<div class=\"latest_post_holder boxes three_columns one_row\"><ul class=\"latest-posts-list\"><li class=\"clearfix\"><div class=\"boxes_image\"><a itemprop=\"url\" href=\"https:\/\/blueseal-aircurtains.com\/fr\/2026\/03\/11\/les-rideaux-dair-blueseal-faciliter-le-quotidien-des-chauffeurs\/\"><img loading=\"lazy\" decoding=\"async\" width=\"539\" height=\"303\" src=\"https:\/\/blueseal-aircurtains.com\/wp-content\/uploads\/2026\/03\/driversfriend-539x303.jpg\" class=\"attachment-latest_post_boxes size-latest_post_boxes wp-post-image\" alt=\"air curtains for drivers\" srcset=\"https:\/\/blueseal-aircurtains.com\/wp-content\/uploads\/2026\/03\/driversfriend-539x303.jpg 539w, https:\/\/blueseal-aircurtains.com\/wp-content\/uploads\/2026\/03\/driversfriend-300x169.jpg 300w, https:\/\/blueseal-aircurtains.com\/wp-content\/uploads\/2026\/03\/driversfriend-1024x578.jpg 1024w, https:\/\/blueseal-aircurtains.com\/wp-content\/uploads\/2026\/03\/driversfriend-768x433.jpg 768w, https:\/\/blueseal-aircurtains.com\/wp-content\/uploads\/2026\/03\/driversfriend-700x395.jpg 700w, https:\/\/blueseal-aircurtains.com\/wp-content\/uploads\/2026\/03\/driversfriend.jpg 1182w\" sizes=\"auto, (max-width: 539px) 100vw, 539px\" \/><\/a><\/div><div class=\"latest_post\"><div class=\"latest_post_text\"><div class=\"latest_post_inner\"><div class=\"latest_post_text_inner\"><span class=\"post_date\"><span>&nbsp;mars 11, 2026<\/span><span class=\"post_author\">&nbsp;|&nbsp;joe<\/span><\/span><h4 itemprop=\"name\" class=\"latest_post_title entry_title\"><a itemprop=\"url\" href=\"https:\/\/blueseal-aircurtains.com\/fr\/2026\/03\/11\/les-rideaux-dair-blueseal-faciliter-le-quotidien-des-chauffeurs\/\">Les rideaux d&rsquo;air BlueSeal : faciliter le quotidien des chauffeurs<\/a><\/h4><div class=\"post_excerpt\">D\u00e9couvrez comment les rideaux d\u2019air BlueSeal r\u00e9volutionnent la logistique sous temp\u00e9rature contr\u00f4l\u00e9e en facilitant la vie des chauffeurs tout en r\u00e9dui...<\/div><\/div><\/div><\/div><\/div><\/li><li class=\"clearfix\"><div class=\"boxes_image\"><a itemprop=\"url\" href=\"https:\/\/blueseal-aircurtains.com\/fr\/2025\/11\/14\/blueseal-reduit-les-pertes-de-temperatures\/\"><img loading=\"lazy\" decoding=\"async\" width=\"539\" height=\"303\" src=\"https:\/\/blueseal-aircurtains.com\/wp-content\/uploads\/2025\/11\/fr-blog-froid-539x303.jpg\" class=\"attachment-latest_post_boxes size-latest_post_boxes wp-post-image\" alt=\"\" srcset=\"https:\/\/blueseal-aircurtains.com\/wp-content\/uploads\/2025\/11\/fr-blog-froid-539x303.jpg 539w, https:\/\/blueseal-aircurtains.com\/wp-content\/uploads\/2025\/11\/fr-blog-froid-300x169.jpg 300w, https:\/\/blueseal-aircurtains.com\/wp-content\/uploads\/2025\/11\/fr-blog-froid-1024x578.jpg 1024w, https:\/\/blueseal-aircurtains.com\/wp-content\/uploads\/2025\/11\/fr-blog-froid-768x433.jpg 768w, https:\/\/blueseal-aircurtains.com\/wp-content\/uploads\/2025\/11\/fr-blog-froid-700x395.jpg 700w, https:\/\/blueseal-aircurtains.com\/wp-content\/uploads\/2025\/11\/fr-blog-froid.jpg 1182w\" sizes=\"auto, (max-width: 539px) 100vw, 539px\" \/><\/a><\/div><div class=\"latest_post\"><div class=\"latest_post_text\"><div class=\"latest_post_inner\"><div class=\"latest_post_text_inner\"><span class=\"post_date\"><span>&nbsp;novembre 14, 2025<\/span><span class=\"post_author\">&nbsp;|&nbsp;joe<\/span><\/span><h4 itemprop=\"name\" class=\"latest_post_title entry_title\"><a itemprop=\"url\" href=\"https:\/\/blueseal-aircurtains.com\/fr\/2025\/11\/14\/blueseal-reduit-les-pertes-de-temperatures\/\">BlueSeal r\u00e9duit les pertes de temp\u00e9ratures<\/a><\/h4><div class=\"post_excerpt\">Un contr\u00f4le climatique plus intelligent pour les v\u00e9hicules frigorifiques favorise le maintien des temp\u00e9ratures de consignation. Limiter les pertes de ...<\/div><\/div><\/div><\/div><\/div><\/li><li class=\"clearfix\"><div class=\"boxes_image\"><a itemprop=\"url\" href=\"https:\/\/blueseal-aircurtains.com\/fr\/2025\/10\/01\/trouver-le-juste-equilibre-du-controle-climatique-du-fret-comment-les-rideaux-dair-blueseal-sattaquent-a-lun-des-plus-grands-defis-de-la-chaine-du-froid\/\"><img loading=\"lazy\" decoding=\"async\" width=\"539\" height=\"303\" src=\"https:\/\/blueseal-aircurtains.com\/wp-content\/uploads\/2026\/03\/sweetspot-539x303.jpg\" class=\"attachment-latest_post_boxes size-latest_post_boxes wp-post-image\" alt=\"press article on blueseal\" srcset=\"https:\/\/blueseal-aircurtains.com\/wp-content\/uploads\/2026\/03\/sweetspot-539x303.jpg 539w, https:\/\/blueseal-aircurtains.com\/wp-content\/uploads\/2026\/03\/sweetspot-300x169.jpg 300w, https:\/\/blueseal-aircurtains.com\/wp-content\/uploads\/2026\/03\/sweetspot-1024x578.jpg 1024w, https:\/\/blueseal-aircurtains.com\/wp-content\/uploads\/2026\/03\/sweetspot-768x433.jpg 768w, https:\/\/blueseal-aircurtains.com\/wp-content\/uploads\/2026\/03\/sweetspot-700x395.jpg 700w, https:\/\/blueseal-aircurtains.com\/wp-content\/uploads\/2026\/03\/sweetspot.jpg 1182w\" sizes=\"auto, (max-width: 539px) 100vw, 539px\" \/><\/a><\/div><div class=\"latest_post\"><div class=\"latest_post_text\"><div class=\"latest_post_inner\"><div class=\"latest_post_text_inner\"><span class=\"post_date\"><span>&nbsp;octobre 1, 2025<\/span><span class=\"post_author\">&nbsp;|&nbsp;joe<\/span><\/span><h4 itemprop=\"name\" class=\"latest_post_title entry_title\"><a itemprop=\"url\" href=\"https:\/\/blueseal-aircurtains.com\/fr\/2025\/10\/01\/trouver-le-juste-equilibre-du-controle-climatique-du-fret-comment-les-rideaux-dair-blueseal-sattaquent-a-lun-des-plus-grands-defis-de-la-chaine-du-froid\/\">Trouver le juste \u00e9quilibre du contr\u00f4le climatique du fret \u2013 comment les rideaux d&rsquo;air BlueSeal s&rsquo;attaquent \u00e0 l&rsquo;un des plus grands d\u00e9fis de la cha\u00eene du froid<\/a><\/h4><div class=\"post_excerpt\">D\u00e9couvrez comment les rideaux d'air BlueSeal optimisent le transfert thermique et r\u00e9duisent la consommation d'\u00e9nergie jusqu'\u00e0 45 % dans le transport f...<\/div><\/div><\/div><\/div><\/div><\/li><li class=\"clearfix\"><div class=\"boxes_image\"><a itemprop=\"url\" href=\"https:\/\/blueseal-aircurtains.com\/fr\/2025\/05\/22\/ameliorez-votre-reporting-esg-avec-les-rideaux-dair-blueseal-dans-vos-vehicules-frigorifiques\/\"><img loading=\"lazy\" decoding=\"async\" width=\"539\" height=\"303\" src=\"https:\/\/blueseal-aircurtains.com\/wp-content\/uploads\/2025\/05\/esg_header-fr-539x303.jpg\" class=\"attachment-latest_post_boxes size-latest_post_boxes wp-post-image\" alt=\"\" srcset=\"https:\/\/blueseal-aircurtains.com\/wp-content\/uploads\/2025\/05\/esg_header-fr-539x303.jpg 539w, https:\/\/blueseal-aircurtains.com\/wp-content\/uploads\/2025\/05\/esg_header-fr-300x170.jpg 300w\" sizes=\"auto, (max-width: 539px) 100vw, 539px\" \/><\/a><\/div><div class=\"latest_post\"><div class=\"latest_post_text\"><div class=\"latest_post_inner\"><div class=\"latest_post_text_inner\"><span class=\"post_date\"><span>&nbsp;mai 22, 2025<\/span><span class=\"post_author\">&nbsp;|&nbsp;joe<\/span><\/span><h4 itemprop=\"name\" class=\"latest_post_title entry_title\"><a itemprop=\"url\" href=\"https:\/\/blueseal-aircurtains.com\/fr\/2025\/05\/22\/ameliorez-votre-reporting-esg-avec-les-rideaux-dair-blueseal-dans-vos-vehicules-frigorifiques\/\">Am\u00e9liorez votre reporting ESG avec les rideaux d&rsquo;air BlueSeal dans vos v\u00e9hicules frigorifiques<\/a><\/h4><div class=\"post_excerpt\">Chez BlueSeal, nous savons que, de plus en plus, les entreprises cherchent \u00e0 aligner leurs activit\u00e9s avec des crit\u00e8res environnementaux, sociaux et de...<\/div><\/div><\/div><\/div><\/div><\/li><li class=\"clearfix\"><div class=\"boxes_image\"><a itemprop=\"url\" href=\"https:\/\/blueseal-aircurtains.com\/fr\/2025\/03\/05\/10-arguments-qui-font-la-difference\/\"><img loading=\"lazy\" decoding=\"async\" width=\"539\" height=\"303\" src=\"https:\/\/blueseal-aircurtains.com\/wp-content\/uploads\/2025\/02\/10reasonsheader-539x303.jpg\" class=\"attachment-latest_post_boxes size-latest_post_boxes wp-post-image\" alt=\"\" srcset=\"https:\/\/blueseal-aircurtains.com\/wp-content\/uploads\/2025\/02\/10reasonsheader-539x303.jpg 539w, https:\/\/blueseal-aircurtains.com\/wp-content\/uploads\/2025\/02\/10reasonsheader-300x170.jpg 300w\" sizes=\"auto, (max-width: 539px) 100vw, 539px\" \/><\/a><\/div><div class=\"latest_post\"><div class=\"latest_post_text\"><div class=\"latest_post_inner\"><div class=\"latest_post_text_inner\"><span class=\"post_date\"><span>&nbsp;mars 5, 2025<\/span><span class=\"post_author\">&nbsp;|&nbsp;joe<\/span><\/span><h4 itemprop=\"name\" class=\"latest_post_title entry_title\"><a itemprop=\"url\" href=\"https:\/\/blueseal-aircurtains.com\/fr\/2025\/03\/05\/10-arguments-qui-font-la-difference\/\">Rideaux d\u2019air BlueSeal\u00ae dans les v\u00e9hicules : 10 avantages qui font la diff\u00e9rence !<\/a><\/h4><div class=\"post_excerpt\">BlueSeal\u00ae est fier de mettre en avant 10 arguments cl\u00e9s qui font de nos rideaux d\u2019air une r\u00e9f\u00e9rence incontournable sur le march\u00e9 de la logistique sous...<\/div><\/div><\/div><\/div><\/div><\/li><li class=\"clearfix\"><div class=\"boxes_image\"><a itemprop=\"url\" href=\"https:\/\/blueseal-aircurtains.com\/fr\/2023\/01\/11\/interview-avec-hans-opdam-inventeur-des-rideux-dair-blueseal\/\"><img loading=\"lazy\" decoding=\"async\" width=\"539\" height=\"303\" src=\"https:\/\/blueseal-aircurtains.com\/wp-content\/uploads\/2023\/01\/blueseal-news_TCSD-Interview-539x303.webp\" class=\"attachment-latest_post_boxes size-latest_post_boxes wp-post-image\" alt=\"\" \/><\/a><\/div><div class=\"latest_post\"><div class=\"latest_post_text\"><div class=\"latest_post_inner\"><div class=\"latest_post_text_inner\"><span class=\"post_date\"><span>&nbsp;janvier 11, 2023<\/span><span class=\"post_author\">&nbsp;|&nbsp;Christiane Wolf<\/span><\/span><h4 itemprop=\"name\" class=\"latest_post_title entry_title\"><a itemprop=\"url\" href=\"https:\/\/blueseal-aircurtains.com\/fr\/2023\/01\/11\/interview-avec-hans-opdam-inventeur-des-rideux-dair-blueseal\/\">Interview avec Hans Opdam, Inventeur des rideaux d\u2019air BlueSeal<\/a><\/h4><div class=\"post_excerpt\">D\u00e9couvrez l'histoire derri\u00e8re les rideaux d'air BlueSeal dans cette interview exclusive de TCS&D avec l'inventeur Hans Opdam. Il d\u00e9taille les avantage...<\/div><\/div><\/div><\/div><\/div><\/li><li class=\"clearfix\"><div class=\"boxes_image\"><a itemprop=\"url\" href=\"https:\/\/blueseal-aircurtains.com\/fr\/2022\/04\/14\/les-rideaux-dair-blueseal-une-technologie-propre-essentielle-pour-le-transport-refrigere\/\"><img loading=\"lazy\" decoding=\"async\" width=\"539\" height=\"303\" src=\"https:\/\/blueseal-aircurtains.com\/wp-content\/uploads\/2022\/04\/iStock-621842904-980x734-1-539x303.jpg\" class=\"attachment-latest_post_boxes size-latest_post_boxes wp-post-image\" alt=\"\" \/><\/a><\/div><div class=\"latest_post\"><div class=\"latest_post_text\"><div class=\"latest_post_inner\"><div class=\"latest_post_text_inner\"><span class=\"post_date\"><span>&nbsp;avril 14, 2022<\/span><span class=\"post_author\">&nbsp;|&nbsp;Christiane Wolf<\/span><\/span><h4 itemprop=\"name\" class=\"latest_post_title entry_title\"><a itemprop=\"url\" href=\"https:\/\/blueseal-aircurtains.com\/fr\/2022\/04\/14\/les-rideaux-dair-blueseal-une-technologie-propre-essentielle-pour-le-transport-refrigere\/\">Les rideaux d\u2019air BlueSeal \u2013 une technologie propre essentielle pour le transport frigorifique<\/a><\/h4><div class=\"post_excerpt\">En 2005, Hans Opdam dirigeait une \u00e9quipe de physiciens qui d\u00e9veloppait un concept de nouveau camion frigorifique utilisant une source d\u2019\u00e9nergie altern...<\/div><\/div><\/div><\/div><\/div><\/li><li class=\"clearfix\"><div class=\"boxes_image\"><a itemprop=\"url\" href=\"https:\/\/blueseal-aircurtains.com\/fr\/2021\/11\/05\/blueseal-permet-aux-vehicules-frigorifiques-electriques-davoir-une-longueur-davance-en-evitant-les-pertes-denergie\/\"><img loading=\"lazy\" decoding=\"async\" width=\"539\" height=\"303\" src=\"https:\/\/blueseal-aircurtains.com\/wp-content\/uploads\/2024\/11\/brightec_BlueSeal-\u2013-helping-electric-refrigerated-vehicles-go-the-extra-mile-by-preventing-energy-loss-539x303.jpg\" class=\"attachment-latest_post_boxes size-latest_post_boxes wp-post-image\" alt=\"Air curtain helping electric refrigerated vehicles go the extra mile by preventing energy loss\" \/><\/a><\/div><div class=\"latest_post\"><div class=\"latest_post_text\"><div class=\"latest_post_inner\"><div class=\"latest_post_text_inner\"><span class=\"post_date\"><span>&nbsp;novembre 5, 2021<\/span><span class=\"post_author\">&nbsp;|&nbsp;Christiane Wolf<\/span><\/span><h4 itemprop=\"name\" class=\"latest_post_title entry_title\"><a itemprop=\"url\" href=\"https:\/\/blueseal-aircurtains.com\/fr\/2021\/11\/05\/blueseal-permet-aux-vehicules-frigorifiques-electriques-davoir-une-longueur-davance-en-evitant-les-pertes-denergie\/\">BlueSeal \u2013 Rideaux d\u2019air pour v\u00e9hicules \u00e9conomes en \u00e9nergie : aider les poids lourds frigorifiques \u00e9lectriques \u00e0 aller plus loin en \u00e9vitant les pertes d\u2019\u00e9nergie<\/a><\/h4><div class=\"post_excerpt\">Les rideaux d\u2019air pour v\u00e9hicules \u00e9conomes en \u00e9nergie BlueSeal r\u00e9volutionnent le transport frigorifique. Con\u00e7us pour limiter les pertes d\u2019\u00e9nergie lors ...<\/div><\/div><\/div><\/div><\/div><\/li><li class=\"clearfix\"><div class=\"boxes_image\"><a itemprop=\"url\" href=\"https:\/\/blueseal-aircurtains.com\/fr\/2021\/06\/10\/gestion-des-charges-dinfiltration\/\"><img loading=\"lazy\" decoding=\"async\" width=\"539\" height=\"303\" src=\"https:\/\/blueseal-aircurtains.com\/wp-content\/uploads\/2024\/11\/cenex-thermal-refrigeration-load-980x472-1-539x303.png\" class=\"attachment-latest_post_boxes size-latest_post_boxes wp-post-image\" alt=\"cenex thermal refrigeration load\" \/><\/a><\/div><div class=\"latest_post\"><div class=\"latest_post_text\"><div class=\"latest_post_inner\"><div class=\"latest_post_text_inner\"><span class=\"post_date\"><span>&nbsp;juin 10, 2021<\/span><span class=\"post_author\">&nbsp;|&nbsp;Christiane Wolf<\/span><\/span><h4 itemprop=\"name\" class=\"latest_post_title entry_title\"><a itemprop=\"url\" href=\"https:\/\/blueseal-aircurtains.com\/fr\/2021\/06\/10\/gestion-des-charges-dinfiltration\/\">BlueSeal &#8211; Rideaux d\u2019air pour r\u00e9duire les \u00e9missions des groupes frigorifiques : r\u00e9duire les charges d\u2019infiltration pour limiter la consommation et la pollution<\/a><\/h4><div class=\"post_excerpt\">Les rideaux d\u2019air pour r\u00e9duire les \u00e9missions des groupes frigorifiques BlueSeal r\u00e9duisent la principale source de perte thermique dans le transport fr...<\/div><\/div><\/div><\/div><\/div><\/li><\/ul><\/div><div style=\"text-align: center\"><button id=\"load-more\" data-language=\"fr\" class=\"qbutton default gradient-magenta\" data-posts=\"9\" data-offset=\"9\" data-total=\"17\" data-category=\"Insights\">load more<\/button><\/div>[vc_text_separator title=\u00a0\u00bbAbstand &#8211; L\u00a0\u00bb border=\u00a0\u00bbno\u00a0\u00bb el_class=\u00a0\u00bbspacing-large\u00a0\u00bb][\/vc_column][\/vc_row]<\/p>\n<\/div>","protected":false},"excerpt":{"rendered":"<p>[vc_row css_animation=\u00a0\u00bb\u00a0\u00bb row_type=\u00a0\u00bbrow\u00a0\u00bb use_row_as_full_screen_section=\u00a0\u00bbno\u00a0\u00bb type=\u00a0\u00bbfull_width\u00a0\u00bb angled_section=\u00a0\u00bbno\u00a0\u00bb text_align=\u00a0\u00bbleft\u00a0\u00bb background_image_as_pattern=\u00a0\u00bbwithout_pattern\u00a0\u00bb z_index=\u00a0\u00bb\u00a0\u00bb][vc_column][vc_row_inner row_type=\u00a0\u00bbrow\u00a0\u00bb type=\u00a0\u00bbgrid\u00a0\u00bb text_align=\u00a0\u00bbcenter\u00a0\u00bb css_animation=\u00a0\u00bb\u00a0\u00bb][vc_column_inner width=\u00a0\u00bb1\/12&Prime;][\/vc_column_inner][vc_column_inner width=\u00a0\u00bb10\/12&Prime;][vc_text_separator title=\u00a0\u00bbAbstand &#8211; L\u00a0\u00bb border=\u00a0\u00bbno\u00a0\u00bb el_class=\u00a0\u00bbspacing-large\u00a0\u00bb][vc_column_text css=\u00a0\u00bb\u00a0\u00bb] R\u00e9flexion [\/vc_column_text][vc_empty_space height=\u00a0\u00bb30px\u00a0\u00bb][vc_column_text css=\u00a0\u00bb\u00a0\u00bb] Restez inform\u00e9 des derniers d\u00e9veloppements et actualit\u00e9s. [\/vc_column_text][vc_text_separator title=\u00a0\u00bbAbstand &#8211; M\u00a0\u00bb border=\u00a0\u00bbno\u00a0\u00bb el_class=\u00a0\u00bbspacing-medium\u00a0\u00bb][\/vc_column_inner][vc_column_inner width=\u00a0\u00bb1\/12&Prime;][\/vc_column_inner][\/vc_row_inner][\/vc_column][\/vc_row][vc_row css_animation=\u00a0\u00bb\u00a0\u00bb row_type=\u00a0\u00bbrow\u00a0\u00bb use_row_as_full_screen_section=\u00a0\u00bbno\u00a0\u00bb type=\u00a0\u00bbgrid\u00a0\u00bb angled_section=\u00a0\u00bbno\u00a0\u00bb text_align=\u00a0\u00bbleft\u00a0\u00bb&#8230;<\/p>\n","protected":false},"author":2,"featured_media":0,"parent":0,"menu_order":0,"comment_status":"closed","ping_status":"closed","template":"full_width.php","meta":{"inline_featured_image":false,"footnotes":""},"class_list":["post-1119","page","type-page","status-publish","hentry"],"acf":[],"yoast_head":"<!-- This site is optimized with the Yoast SEO plugin v27.4 - https:\/\/yoast.com\/product\/yoast-seo-wordpress\/ -->\n<title>R\u00e9lexions BlueSeal : Cha\u00eene du Froid, ESG &amp; Efficacit\u00e9 energ\u00e9tique<\/title>\n<meta name=\"description\" content=\"Restez inform\u00e9 gr\u00e2ce aux articles R\u00e9flexions BlueSeal : logistique et cha\u00eene du froid, cleantech, reporting ESG et efficacit\u00e9 \u00e9nerg\u00e9tique du transport frigorifique.\" \/>\n<meta name=\"robots\" content=\"index, follow, max-snippet:-1, max-image-preview:large, max-video-preview:-1\" \/>\n<link rel=\"canonical\" href=\"https:\/\/blueseal-aircurtains.com\/fr\/reflexion\/\" \/>\n<meta property=\"og:locale\" content=\"fr_FR\" \/>\n<meta property=\"og:type\" content=\"article\" \/>\n<meta property=\"og:title\" content=\"R\u00e9lexions BlueSeal : Cha\u00eene du Froid, ESG &amp; Efficacit\u00e9 energ\u00e9tique\" \/>\n<meta property=\"og:description\" content=\"Restez inform\u00e9 gr\u00e2ce aux articles R\u00e9flexions BlueSeal : logistique et cha\u00eene du froid, cleantech, reporting ESG et efficacit\u00e9 \u00e9nerg\u00e9tique du transport frigorifique.\" \/>\n<meta property=\"og:url\" content=\"https:\/\/blueseal-aircurtains.com\/fr\/reflexion\/\" \/>\n<meta property=\"og:site_name\" content=\"BlueSeal air curtains by Brightec BV\" \/>\n<meta property=\"article:publisher\" content=\"https:\/\/www.facebook.com\/brightecbv\" \/>\n<meta property=\"article:modified_time\" content=\"2025-10-27T12:23:44+00:00\" \/>\n<meta property=\"og:image\" content=\"https:\/\/blueseal-aircurtains.com\/wp-content\/uploads\/2024\/11\/blueseal-compact.jpg\" \/>\n\t<meta property=\"og:image:width\" content=\"1920\" \/>\n\t<meta property=\"og:image:height\" content=\"1080\" \/>\n\t<meta property=\"og:image:type\" content=\"image\/jpeg\" \/>\n<meta name=\"twitter:card\" content=\"summary_large_image\" \/>\n<meta name=\"twitter:site\" content=\"@BrightecBv\" \/>\n<meta name=\"twitter:label1\" content=\"Dur\u00e9e de lecture estim\u00e9e\" \/>\n\t<meta name=\"twitter:data1\" content=\"1 minute\" \/>\n<script type=\"application\/ld+json\" class=\"yoast-schema-graph\">{\"@context\":\"https:\\\/\\\/schema.org\",\"@graph\":[{\"@type\":\"NewsArticle\",\"@id\":\"https:\\\/\\\/blueseal-aircurtains.com\\\/fr\\\/reflexion\\\/#article\",\"isPartOf\":{\"@id\":\"https:\\\/\\\/blueseal-aircurtains.com\\\/fr\\\/reflexion\\\/\"},\"author\":{\"name\":\"dev\",\"@id\":\"https:\\\/\\\/blueseal-aircurtains.com\\\/fr\\\/#\\\/schema\\\/person\\\/481bed41a6011e613bf2eb0f774101b4\"},\"headline\":\"R\u00e9flexion\",\"datePublished\":\"2024-07-24T12:54:35+00:00\",\"dateModified\":\"2025-10-27T12:23:44+00:00\",\"mainEntityOfPage\":{\"@id\":\"https:\\\/\\\/blueseal-aircurtains.com\\\/fr\\\/reflexion\\\/\"},\"wordCount\":185,\"publisher\":{\"@id\":\"https:\\\/\\\/blueseal-aircurtains.com\\\/fr\\\/#organization\"},\"inLanguage\":\"fr-FR\"},{\"@type\":\"WebPage\",\"@id\":\"https:\\\/\\\/blueseal-aircurtains.com\\\/fr\\\/reflexion\\\/\",\"url\":\"https:\\\/\\\/blueseal-aircurtains.com\\\/fr\\\/reflexion\\\/\",\"name\":\"R\u00e9lexions BlueSeal : Cha\u00eene du Froid, ESG & Efficacit\u00e9 energ\u00e9tique\",\"isPartOf\":{\"@id\":\"https:\\\/\\\/blueseal-aircurtains.com\\\/fr\\\/#website\"},\"datePublished\":\"2024-07-24T12:54:35+00:00\",\"dateModified\":\"2025-10-27T12:23:44+00:00\",\"description\":\"Restez inform\u00e9 gr\u00e2ce aux articles R\u00e9flexions BlueSeal : logistique et cha\u00eene du froid, cleantech, reporting ESG et efficacit\u00e9 \u00e9nerg\u00e9tique du transport frigorifique.\",\"breadcrumb\":{\"@id\":\"https:\\\/\\\/blueseal-aircurtains.com\\\/fr\\\/reflexion\\\/#breadcrumb\"},\"inLanguage\":\"fr-FR\",\"potentialAction\":[{\"@type\":\"ReadAction\",\"target\":[\"https:\\\/\\\/blueseal-aircurtains.com\\\/fr\\\/reflexion\\\/\"]}]},{\"@type\":\"BreadcrumbList\",\"@id\":\"https:\\\/\\\/blueseal-aircurtains.com\\\/fr\\\/reflexion\\\/#breadcrumb\",\"itemListElement\":[{\"@type\":\"ListItem\",\"position\":1,\"name\":\"Home\",\"item\":\"https:\\\/\\\/blueseal-aircurtains.com\\\/fr\\\/\"},{\"@type\":\"ListItem\",\"position\":2,\"name\":\"R\u00e9flexion\"}]},{\"@type\":\"WebSite\",\"@id\":\"https:\\\/\\\/blueseal-aircurtains.com\\\/fr\\\/#website\",\"url\":\"https:\\\/\\\/blueseal-aircurtains.com\\\/fr\\\/\",\"name\":\"BlueSeal air curtains by Brightec BV\",\"description\":\"Air curtains for temperature controlled transport\",\"publisher\":{\"@id\":\"https:\\\/\\\/blueseal-aircurtains.com\\\/fr\\\/#organization\"},\"alternateName\":\"Brightec B.V.\",\"potentialAction\":[{\"@type\":\"SearchAction\",\"target\":{\"@type\":\"EntryPoint\",\"urlTemplate\":\"https:\\\/\\\/blueseal-aircurtains.com\\\/fr\\\/?s={search_term_string}\"},\"query-input\":{\"@type\":\"PropertyValueSpecification\",\"valueRequired\":true,\"valueName\":\"search_term_string\"}}],\"inLanguage\":\"fr-FR\"},{\"@type\":\"Organization\",\"@id\":\"https:\\\/\\\/blueseal-aircurtains.com\\\/fr\\\/#organization\",\"name\":\"BlueSeal air curtains by Brightec BV\",\"alternateName\":\"Brightec B.V.\",\"url\":\"https:\\\/\\\/blueseal-aircurtains.com\\\/fr\\\/\",\"logo\":{\"@type\":\"ImageObject\",\"inLanguage\":\"fr-FR\",\"@id\":\"https:\\\/\\\/blueseal-aircurtains.com\\\/fr\\\/#\\\/schema\\\/logo\\\/image\\\/\",\"url\":\"https:\\\/\\\/blueseal-aircurtains.com\\\/wp-content\\\/uploads\\\/2024\\\/07\\\/blueseal-logo-colored.svg\",\"contentUrl\":\"https:\\\/\\\/blueseal-aircurtains.com\\\/wp-content\\\/uploads\\\/2024\\\/07\\\/blueseal-logo-colored.svg\",\"width\":240,\"height\":51,\"caption\":\"BlueSeal air curtains by Brightec BV\"},\"image\":{\"@id\":\"https:\\\/\\\/blueseal-aircurtains.com\\\/fr\\\/#\\\/schema\\\/logo\\\/image\\\/\"},\"sameAs\":[\"https:\\\/\\\/www.facebook.com\\\/brightecbv\",\"https:\\\/\\\/x.com\\\/BrightecBv\"]},{\"@type\":\"Person\",\"@id\":\"https:\\\/\\\/blueseal-aircurtains.com\\\/fr\\\/#\\\/schema\\\/person\\\/481bed41a6011e613bf2eb0f774101b4\",\"name\":\"dev\",\"image\":{\"@type\":\"ImageObject\",\"inLanguage\":\"fr-FR\",\"@id\":\"https:\\\/\\\/secure.gravatar.com\\\/avatar\\\/4a2b6c480bb3a58fe62c99051c3e1ca9c9c06de8a61eb97fa22ba242a4dc4dea?s=96&d=mm&r=g\",\"url\":\"https:\\\/\\\/secure.gravatar.com\\\/avatar\\\/4a2b6c480bb3a58fe62c99051c3e1ca9c9c06de8a61eb97fa22ba242a4dc4dea?s=96&d=mm&r=g\",\"contentUrl\":\"https:\\\/\\\/secure.gravatar.com\\\/avatar\\\/4a2b6c480bb3a58fe62c99051c3e1ca9c9c06de8a61eb97fa22ba242a4dc4dea?s=96&d=mm&r=g\",\"caption\":\"dev\"},\"url\":\"https:\\\/\\\/blueseal-aircurtains.com\\\/fr\\\/author\\\/dev\\\/\"}]}<\/script>\n<!-- \/ Yoast SEO plugin. -->","yoast_head_json":{"title":"R\u00e9lexions BlueSeal : Cha\u00eene du Froid, ESG & Efficacit\u00e9 energ\u00e9tique","description":"Restez inform\u00e9 gr\u00e2ce aux articles R\u00e9flexions BlueSeal : logistique et cha\u00eene du froid, cleantech, reporting ESG et efficacit\u00e9 \u00e9nerg\u00e9tique du transport frigorifique.","robots":{"index":"index","follow":"follow","max-snippet":"max-snippet:-1","max-image-preview":"max-image-preview:large","max-video-preview":"max-video-preview:-1"},"canonical":"https:\/\/blueseal-aircurtains.com\/fr\/reflexion\/","og_locale":"fr_FR","og_type":"article","og_title":"R\u00e9lexions BlueSeal : Cha\u00eene du Froid, ESG & Efficacit\u00e9 energ\u00e9tique","og_description":"Restez inform\u00e9 gr\u00e2ce aux articles R\u00e9flexions BlueSeal : logistique et cha\u00eene du froid, cleantech, reporting ESG et efficacit\u00e9 \u00e9nerg\u00e9tique du transport frigorifique.","og_url":"https:\/\/blueseal-aircurtains.com\/fr\/reflexion\/","og_site_name":"BlueSeal air curtains by Brightec BV","article_publisher":"https:\/\/www.facebook.com\/brightecbv","article_modified_time":"2025-10-27T12:23:44+00:00","og_image":[{"width":1920,"height":1080,"url":"https:\/\/blueseal-aircurtains.com\/wp-content\/uploads\/2024\/11\/blueseal-compact.jpg","type":"image\/jpeg"}],"twitter_card":"summary_large_image","twitter_site":"@BrightecBv","twitter_misc":{"Dur\u00e9e de lecture estim\u00e9e":"1 minute"},"schema":{"@context":"https:\/\/schema.org","@graph":[{"@type":"NewsArticle","@id":"https:\/\/blueseal-aircurtains.com\/fr\/reflexion\/#article","isPartOf":{"@id":"https:\/\/blueseal-aircurtains.com\/fr\/reflexion\/"},"author":{"name":"dev","@id":"https:\/\/blueseal-aircurtains.com\/fr\/#\/schema\/person\/481bed41a6011e613bf2eb0f774101b4"},"headline":"R\u00e9flexion","datePublished":"2024-07-24T12:54:35+00:00","dateModified":"2025-10-27T12:23:44+00:00","mainEntityOfPage":{"@id":"https:\/\/blueseal-aircurtains.com\/fr\/reflexion\/"},"wordCount":185,"publisher":{"@id":"https:\/\/blueseal-aircurtains.com\/fr\/#organization"},"inLanguage":"fr-FR"},{"@type":"WebPage","@id":"https:\/\/blueseal-aircurtains.com\/fr\/reflexion\/","url":"https:\/\/blueseal-aircurtains.com\/fr\/reflexion\/","name":"R\u00e9lexions BlueSeal : Cha\u00eene du Froid, ESG & Efficacit\u00e9 energ\u00e9tique","isPartOf":{"@id":"https:\/\/blueseal-aircurtains.com\/fr\/#website"},"datePublished":"2024-07-24T12:54:35+00:00","dateModified":"2025-10-27T12:23:44+00:00","description":"Restez inform\u00e9 gr\u00e2ce aux articles R\u00e9flexions BlueSeal : logistique et cha\u00eene du froid, cleantech, reporting ESG et efficacit\u00e9 \u00e9nerg\u00e9tique du transport frigorifique.","breadcrumb":{"@id":"https:\/\/blueseal-aircurtains.com\/fr\/reflexion\/#breadcrumb"},"inLanguage":"fr-FR","potentialAction":[{"@type":"ReadAction","target":["https:\/\/blueseal-aircurtains.com\/fr\/reflexion\/"]}]},{"@type":"BreadcrumbList","@id":"https:\/\/blueseal-aircurtains.com\/fr\/reflexion\/#breadcrumb","itemListElement":[{"@type":"ListItem","position":1,"name":"Home","item":"https:\/\/blueseal-aircurtains.com\/fr\/"},{"@type":"ListItem","position":2,"name":"R\u00e9flexion"}]},{"@type":"WebSite","@id":"https:\/\/blueseal-aircurtains.com\/fr\/#website","url":"https:\/\/blueseal-aircurtains.com\/fr\/","name":"BlueSeal air curtains by Brightec BV","description":"Air curtains for temperature controlled transport","publisher":{"@id":"https:\/\/blueseal-aircurtains.com\/fr\/#organization"},"alternateName":"Brightec B.V.","potentialAction":[{"@type":"SearchAction","target":{"@type":"EntryPoint","urlTemplate":"https:\/\/blueseal-aircurtains.com\/fr\/?s={search_term_string}"},"query-input":{"@type":"PropertyValueSpecification","valueRequired":true,"valueName":"search_term_string"}}],"inLanguage":"fr-FR"},{"@type":"Organization","@id":"https:\/\/blueseal-aircurtains.com\/fr\/#organization","name":"BlueSeal air curtains by Brightec BV","alternateName":"Brightec B.V.","url":"https:\/\/blueseal-aircurtains.com\/fr\/","logo":{"@type":"ImageObject","inLanguage":"fr-FR","@id":"https:\/\/blueseal-aircurtains.com\/fr\/#\/schema\/logo\/image\/","url":"https:\/\/blueseal-aircurtains.com\/wp-content\/uploads\/2024\/07\/blueseal-logo-colored.svg","contentUrl":"https:\/\/blueseal-aircurtains.com\/wp-content\/uploads\/2024\/07\/blueseal-logo-colored.svg","width":240,"height":51,"caption":"BlueSeal air curtains by Brightec BV"},"image":{"@id":"https:\/\/blueseal-aircurtains.com\/fr\/#\/schema\/logo\/image\/"},"sameAs":["https:\/\/www.facebook.com\/brightecbv","https:\/\/x.com\/BrightecBv"]},{"@type":"Person","@id":"https:\/\/blueseal-aircurtains.com\/fr\/#\/schema\/person\/481bed41a6011e613bf2eb0f774101b4","name":"dev","image":{"@type":"ImageObject","inLanguage":"fr-FR","@id":"https:\/\/secure.gravatar.com\/avatar\/4a2b6c480bb3a58fe62c99051c3e1ca9c9c06de8a61eb97fa22ba242a4dc4dea?s=96&d=mm&r=g","url":"https:\/\/secure.gravatar.com\/avatar\/4a2b6c480bb3a58fe62c99051c3e1ca9c9c06de8a61eb97fa22ba242a4dc4dea?s=96&d=mm&r=g","contentUrl":"https:\/\/secure.gravatar.com\/avatar\/4a2b6c480bb3a58fe62c99051c3e1ca9c9c06de8a61eb97fa22ba242a4dc4dea?s=96&d=mm&r=g","caption":"dev"},"url":"https:\/\/blueseal-aircurtains.com\/fr\/author\/dev\/"}]}},"_links":{"self":[{"href":"https:\/\/blueseal-aircurtains.com\/fr\/wp-json\/wp\/v2\/pages\/1119","targetHints":{"allow":["GET"]}}],"collection":[{"href":"https:\/\/blueseal-aircurtains.com\/fr\/wp-json\/wp\/v2\/pages"}],"about":[{"href":"https:\/\/blueseal-aircurtains.com\/fr\/wp-json\/wp\/v2\/types\/page"}],"author":[{"embeddable":true,"href":"https:\/\/blueseal-aircurtains.com\/fr\/wp-json\/wp\/v2\/users\/2"}],"replies":[{"embeddable":true,"href":"https:\/\/blueseal-aircurtains.com\/fr\/wp-json\/wp\/v2\/comments?post=1119"}],"version-history":[{"count":5,"href":"https:\/\/blueseal-aircurtains.com\/fr\/wp-json\/wp\/v2\/pages\/1119\/revisions"}],"predecessor-version":[{"id":1126,"href":"https:\/\/blueseal-aircurtains.com\/fr\/wp-json\/wp\/v2\/pages\/1119\/revisions\/1126"}],"wp:attachment":[{"href":"https:\/\/blueseal-aircurtains.com\/fr\/wp-json\/wp\/v2\/media?parent=1119"}],"curies":[{"name":"wp","href":"https:\/\/api.w.org\/{rel}","templated":true}]}}