{"id":1104,"date":"2024-07-09T09:55:16","date_gmt":"2024-07-09T09:55:16","guid":{"rendered":"https:\/\/blueseal-aircurtains.com\/faq"},"modified":"2025-10-27T12:35:35","modified_gmt":"2025-10-27T12:35:35","slug":"faq","status":"publish","type":"page","link":"https:\/\/blueseal-aircurtains.com\/fr\/faq\/","title":{"rendered":"FAQ"},"content":{"rendered":"<div class=\"wpb-content-wrapper\"><p>[vc_row css_animation=\u00a0\u00bb\u00a0\u00bb row_type=\u00a0\u00bbrow\u00a0\u00bb use_row_as_full_screen_section=\u00a0\u00bbno\u00a0\u00bb type=\u00a0\u00bbfull_width\u00a0\u00bb angled_section=\u00a0\u00bbno\u00a0\u00bb text_align=\u00a0\u00bbleft\u00a0\u00bb background_image_as_pattern=\u00a0\u00bbwithout_pattern\u00a0\u00bb z_index=\u00a0\u00bb\u00a0\u00bb][vc_column][vc_row_inner row_type=\u00a0\u00bbrow\u00a0\u00bb type=\u00a0\u00bbgrid\u00a0\u00bb text_align=\u00a0\u00bbcenter\u00a0\u00bb css_animation=\u00a0\u00bb\u00a0\u00bb][vc_column_inner width=\u00a0\u00bb1\/12&Prime;][\/vc_column_inner][vc_column_inner width=\u00a0\u00bb10\/12&Prime;][vc_text_separator title=\u00a0\u00bbAbstand &#8211; L\u00a0\u00bb border=\u00a0\u00bbno\u00a0\u00bb el_class=\u00a0\u00bbspacing-large\u00a0\u00bb][vc_column_text css=\u00a0\u00bb\u00a0\u00bb]<\/p>\n<h3>Plus d\u2019infos<\/h3>\n<p>[\/vc_column_text][vc_empty_space height=\u00a0\u00bb30px\u00a0\u00bb][vc_column_text css=\u00a0\u00bb\u00a0\u00bb]<\/p>\n<h2>Les questions les plus fr\u00e9quentes<\/h2>\n<p>[\/vc_column_text][vc_empty_space height=\u00a0\u00bb30px\u00a0\u00bb][vc_column_text css=\u00a0\u00bb\u00a0\u00bb]BlueSeal se fera un plaisir de r\u00e9pondre \u00e0 toutes vos questions sur nos produits et ainsi vous apporter toute l\u2019assistance dont vous pourriez avoir besoin. Voici quelques questions courantes sur le rideau d\u2019air BlueSeal.[\/vc_column_text][vc_text_separator title=\u00a0\u00bbAbstand &#8211; M\u00a0\u00bb border=\u00a0\u00bbno\u00a0\u00bb el_class=\u00a0\u00bbspacing-medium\u00a0\u00bb][\/vc_column_inner][vc_column_inner width=\u00a0\u00bb1\/12&Prime;][\/vc_column_inner][\/vc_row_inner][\/vc_column][\/vc_row][vc_row css_animation=\u00a0\u00bb\u00a0\u00bb row_type=\u00a0\u00bbrow\u00a0\u00bb use_row_as_full_screen_section=\u00a0\u00bbno\u00a0\u00bb type=\u00a0\u00bbgrid\u00a0\u00bb angled_section=\u00a0\u00bbno\u00a0\u00bb text_align=\u00a0\u00bbleft\u00a0\u00bb background_image_as_pattern=\u00a0\u00bbwithout_pattern\u00a0\u00bb z_index=\u00a0\u00bb\u00a0\u00bb el_class=\u00a0\u00bbelegant-faq\u00a0\u00bb][vc_column width=\u00a0\u00bb1\/12&Prime;][\/vc_column][vc_column width=\u00a0\u00bb10\/12&Prime;]<div class=\"qode-accordion-holder clearfix qode-toggle qode-initial \">\n\t<h4 class=\"clearfix qode-title-holder\">\n<span class=\"qode-tab-title\">\n\t    <span class=\"qode-tab-title-inner\">\n        Quelles longueurs de rideaux d\u2019air peuvent-elles \u00eatre command\u00e9es?    <\/span>\n<\/span>\n<span class=\"qode-accordion-mark\">\n    <span class=\"qode-accordion-mark-icon\">\n        <span class=\"icon_plus\"><\/span>\n        <span class=\"icon_minus-06\"><\/span>\n    <\/span>\n<\/span>\n<\/h4>\n<div  class=\"qode-accordion-content \" >\n    <div class=\"qode-accordion-content-inner\">\n        [vc_column_text css=\u00a0\u00bb\u00a0\u00bb]Nous produisons des rideaux d\u2019air de longueurs variant de 800mm \u00e0 2,430mm, par incr\u00e9ments de 10mm.[\/vc_column_text]    <\/div>\n<\/div><\/div><div class=\"qode-accordion-holder clearfix qode-toggle qode-initial \">\n\t<h4 class=\"clearfix qode-title-holder\">\n<span class=\"qode-tab-title\">\n\t    <span class=\"qode-tab-title-inner\">\n        Les rideaux d\u2019air s\u2019adaptent-ils aux v\u00e9hicules avec des portes roulantes?    <\/span>\n<\/span>\n<span class=\"qode-accordion-mark\">\n    <span class=\"qode-accordion-mark-icon\">\n        <span class=\"icon_plus\"><\/span>\n        <span class=\"icon_minus-06\"><\/span>\n    <\/span>\n<\/span>\n<\/h4>\n<div  class=\"qode-accordion-content \" >\n    <div class=\"qode-accordion-content-inner\">\n        [vc_column_text css=\u00a0\u00bb\u00a0\u00bb]Oui, nous avons un syst\u00e8me de montage sp\u00e9cial pour les v\u00e9hicules avec des portes roulantes.[\/vc_column_text][vc_single_image image=\u00a0\u00bb96&Prime; img_size=\u00a0\u00bbfull\u00a0\u00bb css=\u00a0\u00bb.vc_custom_1720524310561{margin-top: 30px !important;}\u00a0\u00bb qode_css_animation=\u00a0\u00bb\u00a0\u00bb]    <\/div>\n<\/div><\/div><div class=\"qode-accordion-holder clearfix qode-toggle qode-initial \">\n\t<h4 class=\"clearfix qode-title-holder\">\n<span class=\"qode-tab-title\">\n\t    <span class=\"qode-tab-title-inner\">\n        Un rideau d\u2019air BlueSeal peut-il \u00eatre install\u00e9 au-dessus d\u2019une porte lat\u00e9rale ?    <\/span>\n<\/span>\n<span class=\"qode-accordion-mark\">\n    <span class=\"qode-accordion-mark-icon\">\n        <span class=\"icon_plus\"><\/span>\n        <span class=\"icon_minus-06\"><\/span>\n    <\/span>\n<\/span>\n<\/h4>\n<div  class=\"qode-accordion-content \" >\n    <div class=\"qode-accordion-content-inner\">\n        [vc_column_text css=\u00a0\u00bb\u00a0\u00bb]Oui, Le rideau d\u2019air BlueSeal peut \u00eatre install\u00e9 au-dessus d\u2019une porte lat\u00e9rale comme le montre le dessin 3D ci-dessous. Dans ce cas l\u2019air aspir\u00e9 est celui de l\u2019int\u00e9rieur. Nous avons con\u00e7u une plaque de montage universelle (repr\u00e9sent\u00e9e en bleu) pour une fixation polyvalente sur le mur ou le plafond. Le c\u00e2ble d\u2019alimentation pourra lui \u00eatre positionn\u00e9 \u00e0 votre demande sur la face avant (voir photo) ou sur le c\u00f4t\u00e9.[\/vc_column_text][vc_single_image image=\u00a0\u00bb416&Prime; img_size=\u00a0\u00bbfull\u00a0\u00bb css=\u00a0\u00bb.vc_custom_1722938745086{margin-top: 30px !important;}\u00a0\u00bb qode_css_animation=\u00a0\u00bb\u00a0\u00bb]    <\/div>\n<\/div><\/div><div class=\"qode-accordion-holder clearfix qode-toggle qode-initial \">\n\t<h4 class=\"clearfix qode-title-holder\">\n<span class=\"qode-tab-title\">\n\t    <span class=\"qode-tab-title-inner\">\n        De quelle garantie les rideaux d\u2019air BlueSeal b\u00e9n\u00e9ficient-ils?    <\/span>\n<\/span>\n<span class=\"qode-accordion-mark\">\n    <span class=\"qode-accordion-mark-icon\">\n        <span class=\"icon_plus\"><\/span>\n        <span class=\"icon_minus-06\"><\/span>\n    <\/span>\n<\/span>\n<\/h4>\n<div  class=\"qode-accordion-content \" >\n    <div class=\"qode-accordion-content-inner\">\n        [vc_column_text css=\u00a0\u00bb\u00a0\u00bb]Les rideaux d\u2019air BlueSeal ont prouv\u00e9 leur r\u00e9sistance et leur durabilit\u00e9. C\u2019est donc en toute confiance que nous accordons une garantie de 2 ans sur le produit.[\/vc_column_text]    <\/div>\n<\/div><\/div><div class=\"qode-accordion-holder clearfix qode-toggle qode-initial \">\n\t<h4 class=\"clearfix qode-title-holder\">\n<span class=\"qode-tab-title\">\n\t    <span class=\"qode-tab-title-inner\">\n        Si l\u2019un des souffleurs tombe en panne, puis-je le remplacer moi-m\u00eame?    <\/span>\n<\/span>\n<span class=\"qode-accordion-mark\">\n    <span class=\"qode-accordion-mark-icon\">\n        <span class=\"icon_plus\"><\/span>\n        <span class=\"icon_minus-06\"><\/span>\n    <\/span>\n<\/span>\n<\/h4>\n<div  class=\"qode-accordion-content \" >\n    <div class=\"qode-accordion-content-inner\">\n        [vc_column_text css=\u00a0\u00bb\u00a0\u00bb]Les dysfonctionnements du souffleur sont rares. Mais dans ce cas peu probable, nous vous enverrons un souffleur de remplacement d\u00e8s que possible. Le rideau d\u2019air peut \u00eatre facilement ouvert et un nouveau souffleur install\u00e9 en quelques minutes.[\/vc_column_text]    <\/div>\n<\/div><\/div><div class=\"qode-accordion-holder clearfix qode-toggle qode-initial \">\n\t<h4 class=\"clearfix qode-title-holder\">\n<span class=\"qode-tab-title\">\n\t    <span class=\"qode-tab-title-inner\">\n        Proposez-vous des rideaux d\u2019air 12V et 24V ?    <\/span>\n<\/span>\n<span class=\"qode-accordion-mark\">\n    <span class=\"qode-accordion-mark-icon\">\n        <span class=\"icon_plus\"><\/span>\n        <span class=\"icon_minus-06\"><\/span>\n    <\/span>\n<\/span>\n<\/h4>\n<div  class=\"qode-accordion-content \" >\n    <div class=\"qode-accordion-content-inner\">\n        [vc_column_text css=\u00a0\u00bb\u00a0\u00bb]Oui, nous fabriquons deux versions du rideau d&rsquo;air, en 12V et en 24V.[\/vc_column_text]    <\/div>\n<\/div><\/div><div class=\"qode-accordion-holder clearfix qode-toggle qode-initial \">\n\t<h4 class=\"clearfix qode-title-holder\">\n<span class=\"qode-tab-title\">\n\t    <span class=\"qode-tab-title-inner\">\n        Quel est le d\u00e9lai de livraison habituel des rideaux d\u2019air?    <\/span>\n<\/span>\n<span class=\"qode-accordion-mark\">\n    <span class=\"qode-accordion-mark-icon\">\n        <span class=\"icon_plus\"><\/span>\n        <span class=\"icon_minus-06\"><\/span>\n    <\/span>\n<\/span>\n<\/h4>\n<div  class=\"qode-accordion-content \" >\n    <div class=\"qode-accordion-content-inner\">\n        [vc_column_text css=\u00a0\u00bb\u00a0\u00bb]Le rideau d\u2019air BlueSeal est g\u00e9n\u00e9ralement exp\u00e9di\u00e9 sous 3 \u00e0 4 semaines.[\/vc_column_text]    <\/div>\n<\/div><\/div><div class=\"qode-accordion-holder clearfix qode-toggle qode-initial \">\n\t<h4 class=\"clearfix qode-title-holder\">\n<span class=\"qode-tab-title\">\n\t    <span class=\"qode-tab-title-inner\">\n        En tant qu\u2019utilisateurs finaux, pouvons-nous installer nous-m\u00eames les rideaux d\u2019air?    <\/span>\n<\/span>\n<span class=\"qode-accordion-mark\">\n    <span class=\"qode-accordion-mark-icon\">\n        <span class=\"icon_plus\"><\/span>\n        <span class=\"icon_minus-06\"><\/span>\n    <\/span>\n<\/span>\n<\/h4>\n<div  class=\"qode-accordion-content \" >\n    <div class=\"qode-accordion-content-inner\">\n        [vc_column_text css=\u00a0\u00bb\u00a0\u00bb]En g\u00e9n\u00e9ral, le rideau d\u2019air est facile \u00e0 installer. Cependant, il peut \u00eatre commode de laisser le constructeur de votre v\u00e9hicule installer le rideau d\u2019air. Il saura comment installer correctement le dispositif.[\/vc_column_text]    <\/div>\n<\/div><\/div><div class=\"qode-accordion-holder clearfix qode-toggle qode-initial \">\n\t<h4 class=\"clearfix qode-title-holder\">\n<span class=\"qode-tab-title\">\n\t    <span class=\"qode-tab-title-inner\">\n        Comment le rideau d\u2019air doit-il \u00eatre raccord\u00e9 \u00e0 une source d\u2019alimentation ?    <\/span>\n<\/span>\n<span class=\"qode-accordion-mark\">\n    <span class=\"qode-accordion-mark-icon\">\n        <span class=\"icon_plus\"><\/span>\n        <span class=\"icon_minus-06\"><\/span>\n    <\/span>\n<\/span>\n<\/h4>\n<div  class=\"qode-accordion-content \" >\n    <div class=\"qode-accordion-content-inner\">\n        [vc_column_text css=\u00a0\u00bb\u00a0\u00bb]<\/p>\n<ol>\n<li>D\u00e9terminer la tension requise : Le rideau d\u2019air doit \u00eatre raccord\u00e9 \u00e0 une source d\u2019alimentation de 12V ou 24V, selon le mod\u00e8le utilis\u00e9.<\/li>\n<li>Configuration du raccordement : Le rideau d\u2019air doit \u00eatre r\u00e9gl\u00e9 pour s\u2019activer automatiquement quand au moins une porte est ouverte. Pour ce faire, vous pouvez :\n<ul>\n<li>Raccorder le rideau d\u2019air \u00e0 la batterie du v\u00e9hicule. Installer un relais temporis\u00e9 et un interrupteur de porte magn\u00e9tique entre la batterie et le rideau d\u2019air. Cette configuration veille \u00e0 ce que le rideau d\u2019air se mette en marche d\u00e8s qu\u2019une porte est ouverte.<\/li>\n<li>Il est \u00e9galement possible de raccorder le rideau d\u2019air \u00e0 la batterie et au bo\u00eetier de commande du hayon \u00e9l\u00e9vateur du v\u00e9hicule. Le rideau d\u2019air se met d\u00e8s lors en marche automatiquement \u00e0 l\u2019activation du hayon \u00e9l\u00e9vateur.<\/li>\n<\/ul>\n<\/li>\n<\/ol>\n<p>Remarque : Si vous utilisez un rideau d\u2019air BlueSeal avec un module BlueControl (qu\u2019il soit int\u00e9gr\u00e9 ou modulaire), il est \u00ab Plug&amp;Play \u00bb. Cela signifie que vous pouvez le raccorder directement \u00e0 la source d\u2019alimentation sans le moindre composant suppl\u00e9mentaire.<\/p>\n<p>&nbsp;<\/p>\n<p>Pour des instructions d\u2019installation d\u00e9taill\u00e9es, veuillez vous r\u00e9f\u00e9rer au manuel d\u2019installation. Si vous n\u2019avez pas d\u2019exemplaire, n\u2019h\u00e9sitez pas \u00e0 nous <a href=\"https:\/\/blueseal-aircurtains.com\/fr\/contact\/\">contacter<\/a>.[\/vc_column_text]    <\/div>\n<\/div><\/div><div class=\"qode-accordion-holder clearfix qode-toggle qode-initial \">\n\t<h4 class=\"clearfix qode-title-holder\">\n<span class=\"qode-tab-title\">\n\t    <span class=\"qode-tab-title-inner\">\n        Quelle est la hauteur int\u00e9rieure maximale du v\u00e9hicule pour assurer l\u2019efficacit\u00e9 du rideau d\u2019air?    <\/span>\n<\/span>\n<span class=\"qode-accordion-mark\">\n    <span class=\"qode-accordion-mark-icon\">\n        <span class=\"icon_plus\"><\/span>\n        <span class=\"icon_minus-06\"><\/span>\n    <\/span>\n<\/span>\n<\/h4>\n<div  class=\"qode-accordion-content \" >\n    <div class=\"qode-accordion-content-inner\">\n        [vc_column_text css=\u00a0\u00bb\u00a0\u00bb]<\/p>\n<ul>\n<li>BlueSeal Original: ca. 2.80m<\/li>\n<\/ul>\n<p>[\/vc_column_text]    <\/div>\n<\/div><\/div><div class=\"qode-accordion-holder clearfix qode-toggle qode-initial \">\n\t<h4 class=\"clearfix qode-title-holder\">\n<span class=\"qode-tab-title\">\n\t    <span class=\"qode-tab-title-inner\">\n        O\u00f9 puis-je trouver des informations sur les performances du rideau d\u2019air BlueSeal?    <\/span>\n<\/span>\n<span class=\"qode-accordion-mark\">\n    <span class=\"qode-accordion-mark-icon\">\n        <span class=\"icon_plus\"><\/span>\n        <span class=\"icon_minus-06\"><\/span>\n    <\/span>\n<\/span>\n<\/h4>\n<div  class=\"qode-accordion-content \" >\n    <div class=\"qode-accordion-content-inner\">\n        [vc_column_text css=\u00a0\u00bb\u00a0\u00bb]Nous avons reproduit un <a href=\"\/wp-content\/uploads\/2024\/11\/Performance-overview-_-FR.pdf\">aper\u00e7u de plusieurs tests<\/a> effectu\u00e9s chez des clients o\u00f9 la performance du rideau d\u2019air est repr\u00e9sent\u00e9e. Ou bien jetez un \u0153il \u00e0 la <a href=\"https:\/\/youtu.be\/ZV82R5tDF0s?si=HF02TsejCbVslO1Y\">vid\u00e9o<\/a> d\u2019information.<\/p>\n<p>&nbsp;<\/p>\n<p>Pour plus de tests et d\u2019\u00e9tudes sur l\u2019efficacit\u00e9 de BlueSeal, veuillez consulter notre page <a href=\"\/fr\/reflexion\/\">R\u00e9flexions<\/a>[\/vc_column_text]    <\/div>\n<\/div><\/div>[\/vc_column][vc_column width=\u00a0\u00bb1\/12&Prime;][\/vc_column][\/vc_row][vc_row css_animation=\u00a0\u00bb\u00a0\u00bb row_type=\u00a0\u00bbrow\u00a0\u00bb use_row_as_full_screen_section=\u00a0\u00bbno\u00a0\u00bb type=\u00a0\u00bbfull_width\u00a0\u00bb angled_section=\u00a0\u00bbno\u00a0\u00bb text_align=\u00a0\u00bbleft\u00a0\u00bb background_image_as_pattern=\u00a0\u00bbwithout_pattern\u00a0\u00bb][vc_column][vc_text_separator title=\u00a0\u00bbAbstand &#8211; L\u00a0\u00bb border=\u00a0\u00bbno\u00a0\u00bb el_class=\u00a0\u00bbspacing-large\u00a0\u00bb][\/vc_column][\/vc_row][vc_row css_animation=\u00a0\u00bb\u00a0\u00bb row_type=\u00a0\u00bbrow\u00a0\u00bb use_row_as_full_screen_section=\u00a0\u00bbno\u00a0\u00bb type=\u00a0\u00bbfull_width\u00a0\u00bb angled_section=\u00a0\u00bbno\u00a0\u00bb text_align=\u00a0\u00bbleft\u00a0\u00bb background_image_as_pattern=\u00a0\u00bbwithout_pattern\u00a0\u00bb][vc_column]<div class=\"call_to_action normal\" style=\"\"><div class=\"container_inner\"><div class=\"two_columns_75_25 clearfix\"><div class=\"text_wrapper column1\"><div class=\"call_to_action_text \" style=\"\"><strong>Voulez-vous en savoir plus sur les rideaux d&rsquo;air BlueSeal ?<\/strong><\/div><\/div><div class=\"button_wrapper column2\"><a itemprop=\"url\" href=\"\/contact\" class=\"qbutton white \" target=\"_self\" style=\"\" >Prendre contact<\/a><\/div><\/div><\/div><\/div>[\/vc_column][\/vc_row]<\/p>\n<\/div>","protected":false},"excerpt":{"rendered":"<p>[vc_row css_animation=\u00a0\u00bb\u00a0\u00bb row_type=\u00a0\u00bbrow\u00a0\u00bb use_row_as_full_screen_section=\u00a0\u00bbno\u00a0\u00bb type=\u00a0\u00bbfull_width\u00a0\u00bb angled_section=\u00a0\u00bbno\u00a0\u00bb text_align=\u00a0\u00bbleft\u00a0\u00bb background_image_as_pattern=\u00a0\u00bbwithout_pattern\u00a0\u00bb z_index=\u00a0\u00bb\u00a0\u00bb][vc_column][vc_row_inner row_type=\u00a0\u00bbrow\u00a0\u00bb type=\u00a0\u00bbgrid\u00a0\u00bb text_align=\u00a0\u00bbcenter\u00a0\u00bb css_animation=\u00a0\u00bb\u00a0\u00bb][vc_column_inner width=\u00a0\u00bb1\/12&Prime;][\/vc_column_inner][vc_column_inner width=\u00a0\u00bb10\/12&Prime;][vc_text_separator title=\u00a0\u00bbAbstand &#8211; L\u00a0\u00bb border=\u00a0\u00bbno\u00a0\u00bb el_class=\u00a0\u00bbspacing-large\u00a0\u00bb][vc_column_text css=\u00a0\u00bb\u00a0\u00bb] Plus d\u2019infos [\/vc_column_text][vc_empty_space height=\u00a0\u00bb30px\u00a0\u00bb][vc_column_text css=\u00a0\u00bb\u00a0\u00bb] Les questions les plus fr\u00e9quentes [\/vc_column_text][vc_empty_space height=\u00a0\u00bb30px\u00a0\u00bb][vc_column_text css=\u00a0\u00bb\u00a0\u00bb]BlueSeal se fera un plaisir de r\u00e9pondre \u00e0 toutes vos questions sur&#8230;<\/p>\n","protected":false},"author":2,"featured_media":0,"parent":0,"menu_order":0,"comment_status":"closed","ping_status":"closed","template":"full_width.php","meta":{"inline_featured_image":false,"footnotes":""},"class_list":["post-1104","page","type-page","status-publish","hentry"],"acf":[],"yoast_head":"<!-- This site is optimized with the Yoast SEO plugin v27.4 - https:\/\/yoast.com\/product\/yoast-seo-wordpress\/ -->\n<title>FAQ Rideaux d&#039;air BlueSeal : Installation, Specs &amp; Garantie<\/title>\n<meta name=\"description\" content=\"Trouvez des r\u00e9ponses aux questions fr\u00e9quentes sur les Rideaux d&#039;air BlueSeal. D\u00e9tails sur les sp\u00e9cifications techniques, les mod\u00e8les 12V\/24V, l&#039;installation et la garantie.\" \/>\n<meta name=\"robots\" content=\"index, follow, max-snippet:-1, max-image-preview:large, max-video-preview:-1\" \/>\n<link rel=\"canonical\" href=\"https:\/\/blueseal-aircurtains.com\/fr\/faq\/\" \/>\n<meta property=\"og:locale\" content=\"fr_FR\" \/>\n<meta property=\"og:type\" content=\"article\" \/>\n<meta property=\"og:title\" content=\"FAQ Rideaux d&#039;air BlueSeal : Installation, Specs &amp; Garantie\" \/>\n<meta property=\"og:description\" content=\"Trouvez des r\u00e9ponses aux questions fr\u00e9quentes sur les Rideaux d&#039;air BlueSeal. D\u00e9tails sur les sp\u00e9cifications techniques, les mod\u00e8les 12V\/24V, l&#039;installation et la garantie.\" \/>\n<meta property=\"og:url\" content=\"https:\/\/blueseal-aircurtains.com\/fr\/faq\/\" \/>\n<meta property=\"og:site_name\" content=\"BlueSeal air curtains by Brightec BV\" \/>\n<meta property=\"article:publisher\" content=\"https:\/\/www.facebook.com\/brightecbv\" \/>\n<meta property=\"article:modified_time\" content=\"2025-10-27T12:35:35+00:00\" \/>\n<meta property=\"og:image\" content=\"https:\/\/blueseal-aircurtains.com\/wp-content\/uploads\/2024\/11\/blueseal-compact.jpg\" \/>\n\t<meta property=\"og:image:width\" content=\"1920\" \/>\n\t<meta property=\"og:image:height\" content=\"1080\" \/>\n\t<meta property=\"og:image:type\" content=\"image\/jpeg\" \/>\n<meta name=\"twitter:card\" content=\"summary_large_image\" \/>\n<meta name=\"twitter:site\" content=\"@BrightecBv\" \/>\n<meta name=\"twitter:label1\" content=\"Dur\u00e9e de lecture estim\u00e9e\" \/>\n\t<meta name=\"twitter:data1\" content=\"4 minutes\" \/>\n<script type=\"application\/ld+json\" class=\"yoast-schema-graph\">{\"@context\":\"https:\\\/\\\/schema.org\",\"@graph\":[{\"@type\":\"NewsArticle\",\"@id\":\"https:\\\/\\\/blueseal-aircurtains.com\\\/fr\\\/faq\\\/#article\",\"isPartOf\":{\"@id\":\"https:\\\/\\\/blueseal-aircurtains.com\\\/fr\\\/faq\\\/\"},\"author\":{\"name\":\"dev\",\"@id\":\"https:\\\/\\\/blueseal-aircurtains.com\\\/fr\\\/#\\\/schema\\\/person\\\/481bed41a6011e613bf2eb0f774101b4\"},\"headline\":\"FAQ\",\"datePublished\":\"2024-07-09T09:55:16+00:00\",\"dateModified\":\"2025-10-27T12:35:35+00:00\",\"mainEntityOfPage\":{\"@id\":\"https:\\\/\\\/blueseal-aircurtains.com\\\/fr\\\/faq\\\/\"},\"wordCount\":1255,\"publisher\":{\"@id\":\"https:\\\/\\\/blueseal-aircurtains.com\\\/fr\\\/#organization\"},\"inLanguage\":\"fr-FR\"},{\"@type\":\"WebPage\",\"@id\":\"https:\\\/\\\/blueseal-aircurtains.com\\\/fr\\\/faq\\\/\",\"url\":\"https:\\\/\\\/blueseal-aircurtains.com\\\/fr\\\/faq\\\/\",\"name\":\"FAQ Rideaux d'air BlueSeal : Installation, Specs & Garantie\",\"isPartOf\":{\"@id\":\"https:\\\/\\\/blueseal-aircurtains.com\\\/fr\\\/#website\"},\"datePublished\":\"2024-07-09T09:55:16+00:00\",\"dateModified\":\"2025-10-27T12:35:35+00:00\",\"description\":\"Trouvez des r\u00e9ponses aux questions fr\u00e9quentes sur les Rideaux d'air BlueSeal. D\u00e9tails sur les sp\u00e9cifications techniques, les mod\u00e8les 12V\\\/24V, l'installation et la garantie.\",\"breadcrumb\":{\"@id\":\"https:\\\/\\\/blueseal-aircurtains.com\\\/fr\\\/faq\\\/#breadcrumb\"},\"inLanguage\":\"fr-FR\",\"potentialAction\":[{\"@type\":\"ReadAction\",\"target\":[\"https:\\\/\\\/blueseal-aircurtains.com\\\/fr\\\/faq\\\/\"]}]},{\"@type\":\"BreadcrumbList\",\"@id\":\"https:\\\/\\\/blueseal-aircurtains.com\\\/fr\\\/faq\\\/#breadcrumb\",\"itemListElement\":[{\"@type\":\"ListItem\",\"position\":1,\"name\":\"Home\",\"item\":\"https:\\\/\\\/blueseal-aircurtains.com\\\/fr\\\/\"},{\"@type\":\"ListItem\",\"position\":2,\"name\":\"FAQ\"}]},{\"@type\":\"WebSite\",\"@id\":\"https:\\\/\\\/blueseal-aircurtains.com\\\/fr\\\/#website\",\"url\":\"https:\\\/\\\/blueseal-aircurtains.com\\\/fr\\\/\",\"name\":\"BlueSeal air curtains by Brightec BV\",\"description\":\"Air curtains for temperature controlled transport\",\"publisher\":{\"@id\":\"https:\\\/\\\/blueseal-aircurtains.com\\\/fr\\\/#organization\"},\"alternateName\":\"Brightec B.V.\",\"potentialAction\":[{\"@type\":\"SearchAction\",\"target\":{\"@type\":\"EntryPoint\",\"urlTemplate\":\"https:\\\/\\\/blueseal-aircurtains.com\\\/fr\\\/?s={search_term_string}\"},\"query-input\":{\"@type\":\"PropertyValueSpecification\",\"valueRequired\":true,\"valueName\":\"search_term_string\"}}],\"inLanguage\":\"fr-FR\"},{\"@type\":\"Organization\",\"@id\":\"https:\\\/\\\/blueseal-aircurtains.com\\\/fr\\\/#organization\",\"name\":\"BlueSeal air curtains by Brightec BV\",\"alternateName\":\"Brightec B.V.\",\"url\":\"https:\\\/\\\/blueseal-aircurtains.com\\\/fr\\\/\",\"logo\":{\"@type\":\"ImageObject\",\"inLanguage\":\"fr-FR\",\"@id\":\"https:\\\/\\\/blueseal-aircurtains.com\\\/fr\\\/#\\\/schema\\\/logo\\\/image\\\/\",\"url\":\"https:\\\/\\\/blueseal-aircurtains.com\\\/wp-content\\\/uploads\\\/2024\\\/07\\\/blueseal-logo-colored.svg\",\"contentUrl\":\"https:\\\/\\\/blueseal-aircurtains.com\\\/wp-content\\\/uploads\\\/2024\\\/07\\\/blueseal-logo-colored.svg\",\"width\":240,\"height\":51,\"caption\":\"BlueSeal air curtains by Brightec BV\"},\"image\":{\"@id\":\"https:\\\/\\\/blueseal-aircurtains.com\\\/fr\\\/#\\\/schema\\\/logo\\\/image\\\/\"},\"sameAs\":[\"https:\\\/\\\/www.facebook.com\\\/brightecbv\",\"https:\\\/\\\/x.com\\\/BrightecBv\"]},{\"@type\":\"Person\",\"@id\":\"https:\\\/\\\/blueseal-aircurtains.com\\\/fr\\\/#\\\/schema\\\/person\\\/481bed41a6011e613bf2eb0f774101b4\",\"name\":\"dev\",\"image\":{\"@type\":\"ImageObject\",\"inLanguage\":\"fr-FR\",\"@id\":\"https:\\\/\\\/secure.gravatar.com\\\/avatar\\\/4a2b6c480bb3a58fe62c99051c3e1ca9c9c06de8a61eb97fa22ba242a4dc4dea?s=96&d=mm&r=g\",\"url\":\"https:\\\/\\\/secure.gravatar.com\\\/avatar\\\/4a2b6c480bb3a58fe62c99051c3e1ca9c9c06de8a61eb97fa22ba242a4dc4dea?s=96&d=mm&r=g\",\"contentUrl\":\"https:\\\/\\\/secure.gravatar.com\\\/avatar\\\/4a2b6c480bb3a58fe62c99051c3e1ca9c9c06de8a61eb97fa22ba242a4dc4dea?s=96&d=mm&r=g\",\"caption\":\"dev\"},\"url\":\"https:\\\/\\\/blueseal-aircurtains.com\\\/fr\\\/author\\\/dev\\\/\"}]}<\/script>\n<!-- \/ Yoast SEO plugin. -->","yoast_head_json":{"title":"FAQ Rideaux d'air BlueSeal : Installation, Specs & Garantie","description":"Trouvez des r\u00e9ponses aux questions fr\u00e9quentes sur les Rideaux d'air BlueSeal. D\u00e9tails sur les sp\u00e9cifications techniques, les mod\u00e8les 12V\/24V, l'installation et la garantie.","robots":{"index":"index","follow":"follow","max-snippet":"max-snippet:-1","max-image-preview":"max-image-preview:large","max-video-preview":"max-video-preview:-1"},"canonical":"https:\/\/blueseal-aircurtains.com\/fr\/faq\/","og_locale":"fr_FR","og_type":"article","og_title":"FAQ Rideaux d'air BlueSeal : Installation, Specs & Garantie","og_description":"Trouvez des r\u00e9ponses aux questions fr\u00e9quentes sur les Rideaux d'air BlueSeal. D\u00e9tails sur les sp\u00e9cifications techniques, les mod\u00e8les 12V\/24V, l'installation et la garantie.","og_url":"https:\/\/blueseal-aircurtains.com\/fr\/faq\/","og_site_name":"BlueSeal air curtains by Brightec BV","article_publisher":"https:\/\/www.facebook.com\/brightecbv","article_modified_time":"2025-10-27T12:35:35+00:00","og_image":[{"width":1920,"height":1080,"url":"https:\/\/blueseal-aircurtains.com\/wp-content\/uploads\/2024\/11\/blueseal-compact.jpg","type":"image\/jpeg"}],"twitter_card":"summary_large_image","twitter_site":"@BrightecBv","twitter_misc":{"Dur\u00e9e de lecture estim\u00e9e":"4 minutes"},"schema":{"@context":"https:\/\/schema.org","@graph":[{"@type":"NewsArticle","@id":"https:\/\/blueseal-aircurtains.com\/fr\/faq\/#article","isPartOf":{"@id":"https:\/\/blueseal-aircurtains.com\/fr\/faq\/"},"author":{"name":"dev","@id":"https:\/\/blueseal-aircurtains.com\/fr\/#\/schema\/person\/481bed41a6011e613bf2eb0f774101b4"},"headline":"FAQ","datePublished":"2024-07-09T09:55:16+00:00","dateModified":"2025-10-27T12:35:35+00:00","mainEntityOfPage":{"@id":"https:\/\/blueseal-aircurtains.com\/fr\/faq\/"},"wordCount":1255,"publisher":{"@id":"https:\/\/blueseal-aircurtains.com\/fr\/#organization"},"inLanguage":"fr-FR"},{"@type":"WebPage","@id":"https:\/\/blueseal-aircurtains.com\/fr\/faq\/","url":"https:\/\/blueseal-aircurtains.com\/fr\/faq\/","name":"FAQ Rideaux d'air BlueSeal : Installation, Specs & Garantie","isPartOf":{"@id":"https:\/\/blueseal-aircurtains.com\/fr\/#website"},"datePublished":"2024-07-09T09:55:16+00:00","dateModified":"2025-10-27T12:35:35+00:00","description":"Trouvez des r\u00e9ponses aux questions fr\u00e9quentes sur les Rideaux d'air BlueSeal. D\u00e9tails sur les sp\u00e9cifications techniques, les mod\u00e8les 12V\/24V, l'installation et la garantie.","breadcrumb":{"@id":"https:\/\/blueseal-aircurtains.com\/fr\/faq\/#breadcrumb"},"inLanguage":"fr-FR","potentialAction":[{"@type":"ReadAction","target":["https:\/\/blueseal-aircurtains.com\/fr\/faq\/"]}]},{"@type":"BreadcrumbList","@id":"https:\/\/blueseal-aircurtains.com\/fr\/faq\/#breadcrumb","itemListElement":[{"@type":"ListItem","position":1,"name":"Home","item":"https:\/\/blueseal-aircurtains.com\/fr\/"},{"@type":"ListItem","position":2,"name":"FAQ"}]},{"@type":"WebSite","@id":"https:\/\/blueseal-aircurtains.com\/fr\/#website","url":"https:\/\/blueseal-aircurtains.com\/fr\/","name":"BlueSeal air curtains by Brightec BV","description":"Air curtains for temperature controlled transport","publisher":{"@id":"https:\/\/blueseal-aircurtains.com\/fr\/#organization"},"alternateName":"Brightec B.V.","potentialAction":[{"@type":"SearchAction","target":{"@type":"EntryPoint","urlTemplate":"https:\/\/blueseal-aircurtains.com\/fr\/?s={search_term_string}"},"query-input":{"@type":"PropertyValueSpecification","valueRequired":true,"valueName":"search_term_string"}}],"inLanguage":"fr-FR"},{"@type":"Organization","@id":"https:\/\/blueseal-aircurtains.com\/fr\/#organization","name":"BlueSeal air curtains by Brightec BV","alternateName":"Brightec B.V.","url":"https:\/\/blueseal-aircurtains.com\/fr\/","logo":{"@type":"ImageObject","inLanguage":"fr-FR","@id":"https:\/\/blueseal-aircurtains.com\/fr\/#\/schema\/logo\/image\/","url":"https:\/\/blueseal-aircurtains.com\/wp-content\/uploads\/2024\/07\/blueseal-logo-colored.svg","contentUrl":"https:\/\/blueseal-aircurtains.com\/wp-content\/uploads\/2024\/07\/blueseal-logo-colored.svg","width":240,"height":51,"caption":"BlueSeal air curtains by Brightec BV"},"image":{"@id":"https:\/\/blueseal-aircurtains.com\/fr\/#\/schema\/logo\/image\/"},"sameAs":["https:\/\/www.facebook.com\/brightecbv","https:\/\/x.com\/BrightecBv"]},{"@type":"Person","@id":"https:\/\/blueseal-aircurtains.com\/fr\/#\/schema\/person\/481bed41a6011e613bf2eb0f774101b4","name":"dev","image":{"@type":"ImageObject","inLanguage":"fr-FR","@id":"https:\/\/secure.gravatar.com\/avatar\/4a2b6c480bb3a58fe62c99051c3e1ca9c9c06de8a61eb97fa22ba242a4dc4dea?s=96&d=mm&r=g","url":"https:\/\/secure.gravatar.com\/avatar\/4a2b6c480bb3a58fe62c99051c3e1ca9c9c06de8a61eb97fa22ba242a4dc4dea?s=96&d=mm&r=g","contentUrl":"https:\/\/secure.gravatar.com\/avatar\/4a2b6c480bb3a58fe62c99051c3e1ca9c9c06de8a61eb97fa22ba242a4dc4dea?s=96&d=mm&r=g","caption":"dev"},"url":"https:\/\/blueseal-aircurtains.com\/fr\/author\/dev\/"}]}},"_links":{"self":[{"href":"https:\/\/blueseal-aircurtains.com\/fr\/wp-json\/wp\/v2\/pages\/1104","targetHints":{"allow":["GET"]}}],"collection":[{"href":"https:\/\/blueseal-aircurtains.com\/fr\/wp-json\/wp\/v2\/pages"}],"about":[{"href":"https:\/\/blueseal-aircurtains.com\/fr\/wp-json\/wp\/v2\/types\/page"}],"author":[{"embeddable":true,"href":"https:\/\/blueseal-aircurtains.com\/fr\/wp-json\/wp\/v2\/users\/2"}],"replies":[{"embeddable":true,"href":"https:\/\/blueseal-aircurtains.com\/fr\/wp-json\/wp\/v2\/comments?post=1104"}],"version-history":[{"count":4,"href":"https:\/\/blueseal-aircurtains.com\/fr\/wp-json\/wp\/v2\/pages\/1104\/revisions"}],"predecessor-version":[{"id":3075,"href":"https:\/\/blueseal-aircurtains.com\/fr\/wp-json\/wp\/v2\/pages\/1104\/revisions\/3075"}],"wp:attachment":[{"href":"https:\/\/blueseal-aircurtains.com\/fr\/wp-json\/wp\/v2\/media?parent=1104"}],"curies":[{"name":"wp","href":"https:\/\/api.w.org\/{rel}","templated":true}]}}