{"version":"1.0","provider_name":"BlueSeal air curtains by Brightec BV","provider_url":"https:\/\/blueseal-aircurtains.com\/fr\/","author_name":"dev","author_url":"https:\/\/blueseal-aircurtains.com\/fr\/author\/dev\/","title":"Actualit\u00e9 : Partenariat Brightec \/ Lamberet et sa gamme de v\u00e9hicule Distri+ &#8211; BlueSeal air curtains by Brightec BV","type":"rich","width":600,"height":338,"html":"<blockquote class=\"wp-embedded-content\" data-secret=\"N77S123QGU\"><a href=\"https:\/\/blueseal-aircurtains.com\/fr\/2020\/12\/02\/actualite-partenariat-brightec-et-lamberet\/\">Actualit\u00e9 : Partenariat Brightec \/ Lamberet et sa gamme de v\u00e9hicule Distri+<\/a><\/blockquote><iframe sandbox=\"allow-scripts\" security=\"restricted\" src=\"https:\/\/blueseal-aircurtains.com\/fr\/2020\/12\/02\/actualite-partenariat-brightec-et-lamberet\/embed\/#?secret=N77S123QGU\" width=\"600\" height=\"338\" title=\"\u00ab\u00a0Actualit\u00e9 : Partenariat Brightec \/ Lamberet et sa gamme de v\u00e9hicule Distri+\u00a0\u00bb &#8212; BlueSeal air curtains by Brightec BV\" data-secret=\"N77S123QGU\" frameborder=\"0\" marginwidth=\"0\" marginheight=\"0\" scrolling=\"no\" class=\"wp-embedded-content\"><\/iframe><script type=\"text\/javascript\">\n\/* <![CDATA[ *\/\n\/*! This file is auto-generated *\/\n!function(d,l){\"use strict\";l.querySelector&&d.addEventListener&&\"undefined\"!=typeof URL&&(d.wp=d.wp||{},d.wp.receiveEmbedMessage||(d.wp.receiveEmbedMessage=function(e){var t=e.data;if((t||t.secret||t.message||t.value)&&!\/[^a-zA-Z0-9]\/.test(t.secret)){for(var s,r,n,a=l.querySelectorAll('iframe[data-secret=\"'+t.secret+'\"]'),o=l.querySelectorAll('blockquote[data-secret=\"'+t.secret+'\"]'),c=new RegExp(\"^https?:$\",\"i\"),i=0;i<o.length;i++)o[i].style.display=\"none\";for(i=0;i<a.length;i++)s=a[i],e.source===s.contentWindow&&(s.removeAttribute(\"style\"),\"height\"===t.message?(1e3<(r=parseInt(t.value,10))?r=1e3:~~r<200&&(r=200),s.height=r):\"link\"===t.message&&(r=new URL(s.getAttribute(\"src\")),n=new URL(t.value),c.test(n.protocol))&&n.host===r.host&&l.activeElement===s&&(d.top.location.href=t.value))}},d.addEventListener(\"message\",d.wp.receiveEmbedMessage,!1),l.addEventListener(\"DOMContentLoaded\",function(){for(var e,t,s=l.querySelectorAll(\"iframe.wp-embedded-content\"),r=0;r<s.length;r++)(t=(e=s[r]).getAttribute(\"data-secret\"))||(t=Math.random().toString(36).substring(2,12),e.src+=\"#?secret=\"+t,e.setAttribute(\"data-secret\",t)),e.contentWindow.postMessage({message:\"ready\",secret:t},\"*\")},!1)))}(window,document);\n\/\/# sourceURL=https:\/\/blueseal-aircurtains.com\/wp-includes\/js\/wp-embed.min.js\n\/* ]]> *\/\n<\/script>\n","thumbnail_url":"https:\/\/blueseal-aircurtains.com\/wp-content\/uploads\/2024\/09\/IMG_20191121_123327-980x735-1.jpeg","thumbnail_width":980,"thumbnail_height":735,"description":"Brightec a d\u00e9velopp\u00e9 pour son client Lamberet un rideau d\u2019air pour la gamme de v\u00e9hicule Distri+, v\u00e9hicule \u00e9quip\u00e9 du mod\u00e8le de rideau 100% pneumatique et isotherme d\u00e9voil\u00e9 \u00e0 Solutrans 2019. Cette derni\u00e8re version du rideau d\u2019air BlueSeal est le fruit de 12 mois de travail collaboratif avec le service R&amp;D de Lamberet. A la rentr\u00e9e 2020, Lamberet a notamment \u00e9quip\u00e9 une soixantaine de semi-remorque de la marque Intermarch\u00e9 avec ces deux nouveaux syst\u00e8mes de rideaux."}